{"id":3085,"date":"2021-02-22T10:54:14","date_gmt":"2021-02-22T09:54:14","guid":{"rendered":"https:\/\/www.avressieux.com\/mairie\/?page_id=3085"},"modified":"2021-11-09T12:33:48","modified_gmt":"2021-11-09T11:33:48","slug":"avressieux-et-larrestation-de-louis-mandrin","status":"publish","type":"page","link":"https:\/\/www.avressieux.com\/mairie\/avressieux-et-larrestation-de-louis-mandrin\/","title":{"rendered":"Avressieux et l&rsquo;arrestation de Louis Mandrin"},"content":{"rendered":"<p>[et_pb_section fb_built=\u00a0\u00bb1&Prime; make_equal=\u00a0\u00bbon\u00a0\u00bb use_custom_gutter=\u00a0\u00bbon\u00a0\u00bb specialty=\u00a0\u00bbon\u00a0\u00bb background_color_2=\u00a0\u00bbrgba(0,0,0,0.08)\u00a0\u00bb padding_top_bottom_link_1=\u00a0\u00bbfalse\u00a0\u00bb padding_left_right_link_1=\u00a0\u00bbfalse\u00a0\u00bb padding_top_1=\u00a0\u00bb20px\u00a0\u00bb padding_1_tablet=\u00a0\u00bb\u00a0\u00bb padding_1_phone=\u00a0\u00bb|20px||20px|false|false\u00a0\u00bb padding_1_last_edited=\u00a0\u00bbon|phone\u00a0\u00bb _builder_version=\u00a0\u00bb4.6.5&Prime; _module_preset=\u00a0\u00bbdefault\u00a0\u00bb width=\u00a0\u00bb100%\u00a0\u00bb max_width=\u00a0\u00bb100%\u00a0\u00bb module_alignment=\u00a0\u00bbcenter\u00a0\u00bb inner_width=\u00a0\u00bb100%\u00a0\u00bb inner_max_width=\u00a0\u00bb100%\u00a0\u00bb inner_module_alignment=\u00a0\u00bbcenter\u00a0\u00bb custom_margin=\u00a0\u00bb0px||||false|false\u00a0\u00bb custom_margin_tablet=\u00a0\u00bb20px||||false|false\u00a0\u00bb custom_margin_phone=\u00a0\u00bb\u00a0\u00bb custom_margin_last_edited=\u00a0\u00bbon|tablet\u00a0\u00bb custom_padding=\u00a0\u00bb0px||0px||false|false\u00a0\u00bb global_colors_info=\u00a0\u00bb{}\u00a0\u00bb][et_pb_column type=\u00a0\u00bb3_4&Prime; specialty_columns=\u00a0\u00bb3&Prime; _builder_version=\u00a0\u00bb3.25&Prime; custom_padding=\u00a0\u00bb|||\u00a0\u00bb global_colors_info=\u00a0\u00bb{}\u00a0\u00bb custom_padding__hover=\u00a0\u00bb|||\u00a0\u00bb][et_pb_row_inner _builder_version=\u00a0\u00bb4.6.5&Prime; _module_preset=\u00a0\u00bbdefault\u00a0\u00bb width=\u00a0\u00bb90%\u00a0\u00bb width_tablet=\u00a0\u00bb\u00a0\u00bb width_phone=\u00a0\u00bb\u00a0\u00bb width_last_edited=\u00a0\u00bbon|desktop\u00a0\u00bb module_alignment=\u00a0\u00bbcenter\u00a0\u00bb custom_margin=\u00a0\u00bb16px|||||\u00a0\u00bb custom_padding=\u00a0\u00bb3px||19px|||\u00a0\u00bb border_color_all=\u00a0\u00bb#299691&Prime; border_style_top=\u00a0\u00bbdotted\u00a0\u00bb global_colors_info=\u00a0\u00bb{}\u00a0\u00bb][et_pb_column_inner saved_specialty_column_type=\u00a0\u00bb3_4&Prime; _builder_version=\u00a0\u00bb4.6.1&Prime; _module_preset=\u00a0\u00bbdefault\u00a0\u00bb global_colors_info=\u00a0\u00bb{}\u00a0\u00bb][et_pb_text module_id=\u00a0\u00bbfruitiere\u00a0\u00bb _builder_version=\u00a0\u00bb4.9.0&Prime; _module_preset=\u00a0\u00bbdefault\u00a0\u00bb text_font=\u00a0\u00bbOpen Sans|||||on|||\u00a0\u00bb text_text_color=\u00a0\u00bb#02726d\u00a0\u00bb text_font_size=\u00a0\u00bb20px\u00a0\u00bb text_letter_spacing=\u00a0\u00bb1px\u00a0\u00bb custom_margin=\u00a0\u00bb||-1px|||\u00a0\u00bb custom_padding=\u00a0\u00bb3px||12px|||\u00a0\u00bb global_colors_info=\u00a0\u00bb{}\u00a0\u00bb]<\/p>\n<p><img decoding=\"async\" src=\"https:\/\/www.avressieux.com\/mairie\/wp-content\/uploads\/2020\/08\/puce1.png\" alt=\"puce\" class=\"wp-image-1266 alignleft size-full\" width=\"30\" height=\"30\" \/><strong><u>Avressieux et l\u2019arrestation de Louis Mandrin<\/u><\/strong><\/p>\n<div id=\"gtx-trans\" style=\"position: absolute; left: 254px; top: 46.8px;\">\n<div class=\"gtx-trans-icon\"><\/div>\n<\/div>\n<p>[\/et_pb_text][\/et_pb_column_inner][\/et_pb_row_inner][et_pb_row_inner _builder_version=\u00a0\u00bb4.9.0&Prime; _module_preset=\u00a0\u00bbdefault\u00a0\u00bb width=\u00a0\u00bb90%\u00a0\u00bb width_tablet=\u00a0\u00bb\u00a0\u00bb width_phone=\u00a0\u00bb\u00a0\u00bb width_last_edited=\u00a0\u00bbon|desktop\u00a0\u00bb module_alignment=\u00a0\u00bbcenter\u00a0\u00bb custom_margin=\u00a0\u00bb1px|||||\u00a0\u00bb custom_padding=\u00a0\u00bb3px||19px|||\u00a0\u00bb border_color_all=\u00a0\u00bb#299691&Prime; border_style_top=\u00a0\u00bbdotted\u00a0\u00bb global_colors_info=\u00a0\u00bb{}\u00a0\u00bb][et_pb_column_inner saved_specialty_column_type=\u00a0\u00bb3_4&Prime; _builder_version=\u00a0\u00bb4.6.1&Prime; _module_preset=\u00a0\u00bbdefault\u00a0\u00bb global_colors_info=\u00a0\u00bb{}\u00a0\u00bb][et_pb_image src=\u00a0\u00bbhttps:\/\/www.avressieux.com\/mairie\/wp-content\/uploads\/2021\/02\/mandrin.jpg\u00a0\u00bb alt=\u00a0\u00bbLes poilus d&rsquo;Avressieux &#8211; Monument\u00a0\u00bb title_text=\u00a0\u00bbmandrin\u00a0\u00bb align=\u00a0\u00bbcenter\u00a0\u00bb src_tablet=\u00a0\u00bb\u00a0\u00bb src_phone=\u00a0\u00bb\u00a0\u00bb src_last_edited=\u00a0\u00bbon|desktop\u00a0\u00bb _builder_version=\u00a0\u00bb4.9.0&Prime; _module_preset=\u00a0\u00bbdefault\u00a0\u00bb width=\u00a0\u00bb29%\u00a0\u00bb custom_margin=\u00a0\u00bb0px|||||\u00a0\u00bb global_colors_info=\u00a0\u00bb{}\u00a0\u00bb][\/et_pb_image][et_pb_text _builder_version=\u00a0\u00bb4.9.0&Prime; _module_preset=\u00a0\u00bbdefault\u00a0\u00bb text_orientation=\u00a0\u00bbjustified\u00a0\u00bb min_height=\u00a0\u00bb896.2px\u00a0\u00bb custom_margin=\u00a0\u00bb||||false|false\u00a0\u00bb custom_padding=\u00a0\u00bb0px||0px|||\u00a0\u00bb global_colors_info=\u00a0\u00bb{}\u00a0\u00bb]<\/p>\n<p>&nbsp;<\/p>\n<p style=\"text-align: justify;\">Au milieu du 18<sup>\u00e8me<\/sup> si\u00e8cle, Lay-Avrecieux (Avressieux) est un petit village tranquille de l\u2019avant- pays savoyard, non loin de la fronti\u00e8re avec la France, marqu\u00e9e par le cours du Guiers vif. A cette \u00e9poque les lieux dits et mas (le mas est un ensemble de terres et de b\u00e2timents d&rsquo;habitation et d&rsquo;exploitation \u00e0 vocation agricole) ne portent pas les m\u00eames noms que de nos jours. En 1756 on compte 290 habitants. La grande majorit\u00e9 de cette population est paysanne. La vie modeste permet la naissance d\u2019une \u00e9conomie transfrontali\u00e8re plus ou moins l\u00e9gale, o\u00f9 les paysans vendent directement leurs produits, concurren\u00e7ant de ce fait les n\u00e9gociants fran\u00e7ais et \u00e9vitant les taxes pr\u00e9lev\u00e9es par les fermiers g\u00e9n\u00e9raux en France. C\u2019est l\u2018\u00e9poque de Louis Mandrin Capitaine G\u00e9n\u00e9ral des contrebandiers.<\/p>\n<p style=\"text-align: justify;\"><span>\u00a0<\/span>Tout le monde connait l\u2019histoire de Louis Mandrin et de son arrestation spectaculaire le 11 Mai 1755 par les troupes fran\u00e7aises au ch\u00e2teau de Rochefort. Cependant peu savent que des apriciens y ont \u00e9t\u00e9 m\u00eal\u00e9s bien malgr\u00e9 eux.<\/p>\n<p style=\"text-align: justify;\"><span style=\"text-decoration: underline;\"><strong>Joseph PERRETY<\/strong><\/span> est n\u00e9 le 19 Janvier 1704 \u00e0 Avressieux. Il est le fils d\u2019Antoine n\u00e9 \u00e0 Avressieux (1646-1744), un riche paysan du village et de PANVIN Claudine n\u00e9e \u00e0 Chamb\u00e9ry (1671-1741). Joseph vit avec ses parents au bord de l\u2019actuelle route des moulins au lieu-dit appel\u00e9 \u00e0 l\u2019\u00e9poque (cadastre Sarde 1732) Villard Martin (sur les moulins). Il s\u2019agit de l\u2019ancienne maison (certainement modifi\u00e9e au fil des ann\u00e9es) qui est aujourd\u2019hui la propri\u00e9t\u00e9 de la famille Pinet G\u00e9rard.<\/p>\n<p style=\"text-align: justify;\">Joseph est le cinqui\u00e8me d\u2019une famille de 10 enfants (2 gar\u00e7ons et 8 filles). Il se marie en 1737, nous n\u2019avons pas la date exacte mais il existe un contrat de mariage dat\u00e9 et sign\u00e9 du 03\/01\/1737 chez Ma\u00eetre Bellemin notaire royal \u00e0 St Genix Sur Guiers, avec Jeanne Marguerite ROYBET. Elle est n\u00e9e le 15\/04\/1718 \u00e0 Gerbaix. Elle est fille de Gaspard, ch\u00e2telain et riche propri\u00e9taire de Gerbaix et de Suzanne FRARET. Le couple aura 6 enfants (3 filles et 3 gar\u00e7ons).<\/p>\n<p style=\"text-align: justify;\">Joseph poss\u00e8de quelques terres sur Avressieux et Rochefort. Le 27\/10\/1750, chez Ma\u00eetre Gillibert notaire royal \u00e0 St Genix Sur Guiers, il signe un bail d\u2019acensement (affermage) avec le Comte Jean Baptiste Jacques Alexandre de Piolenc de Thoury (Dauphin\u00e9-France) pr\u00e9sident du parlement du Dauphin\u00e9 et propri\u00e9taire du ch\u00e2teau de Rochefort. Ce contrat est d\u2019une dur\u00e9e de 6 ans. Il permet \u00e0 Joseph PERRETY d\u2019exploiter les terres du ch\u00e2teau et d\u2019y vivre contre une rente. Celle-ci, \u00e9tant annuelle, se compose de 100 Louis d\u2019or neufs, 100 bichets de Froment, 100 bichets d\u2019avoine, 10 bichets de bl\u00e9 noir, 1 cochon et 8 chapons gras et diverses corv\u00e9es \u00e0 effectuer au ch\u00e2teau.<\/p>\n<p style=\"text-align: justify;\"><span style=\"text-decoration: underline;\"><strong>Daniel Bernard<\/strong><\/span> \u00e2g\u00e9 de 51 ans est le ma\u00eetre d\u2019\u00e9cole d\u2019Avresssieux en 1755. Il est fils d\u2019Antoine et Ang\u00e9lique Reguis. Il est n\u00e9 vers 1700 \u00e0 Barret le Bas dioc\u00e8se de Gap (05). Il est mari\u00e9 \u00e0 Catherine Plandoux. Il est en Savoie depuis 4 ans et exerce \u00e0 Avressieux depuis 14 mois. Il est log\u00e9 dans une ferme appartenant au Seigneur Comte de Mellar\u00e8de et qui se trouve au lieu-dit Le Morrel (aujourd\u2019hui le Turrel).<\/p>\n<p style=\"text-align: justify;\">Cette ferme est \u00e9galement occup\u00e9e par Joseph Demeure dit Chapuisat (1718-1784) et sa femme Guillemette Descotes (1716-1784) ainsi que leur servante Marie Cordier.<\/p>\n<p style=\"text-align: justify;\">\u00a0<strong><span style=\"text-decoration: underline;\">Touloux dit Maubert Gaspard<\/span><\/strong> n\u00e9 \u00e0 Avresssieux vers 1702, est fils de Jean. Il poss\u00e8de en autres biens, une grange au Malod (\u00e0 l\u2019\u00e9poque Vignes des Carmes) en bordure de l\u2019actuelle route du malod. Il est le fermier du Comte de Mellar\u00e8de. Nous n\u2019en savons pas plus sur lui.<span><\/span><\/p>\n<p style=\"text-align: justify;\">\n<p style=\"text-align: center;\"><strong>(cliquer sur l&rsquo;image)<\/strong><\/p>\n<p style=\"text-align: justify;\">\n<p>[\/et_pb_text][et_pb_image src=\u00a0\u00bbhttps:\/\/www.avressieux.com\/mairie\/wp-content\/uploads\/2021\/03\/CARTE-1732-2020-212&#215;300.jpg\u00a0\u00bb alt=\u00a0\u00bbCARTE 1732-2020&Prime; title_text=\u00a0\u00bbCARTE 1732-2020&Prime; url=\u00a0\u00bbhttps:\/\/www.avressieux.com\/mairie\/wp-content\/uploads\/2021\/03\/CARTE-1732-2020.jpg\u00a0\u00bb url_new_window=\u00a0\u00bbon\u00a0\u00bb align=\u00a0\u00bbcenter\u00a0\u00bb _builder_version=\u00a0\u00bb4.9.0&Prime; _module_preset=\u00a0\u00bbdefault\u00a0\u00bb custom_margin=\u00a0\u00bb-35px|||||\u00a0\u00bb global_colors_info=\u00a0\u00bb{}\u00a0\u00bb][\/et_pb_image][et_pb_text _builder_version=\u00a0\u00bb4.9.0&Prime; _module_preset=\u00a0\u00bbdefault\u00a0\u00bb global_colors_info=\u00a0\u00bb{}\u00a0\u00bb]<\/p>\n<p style=\"text-align: justify;\">En cette p\u00e9riode, Louis Mandrin a ses habitudes au ch\u00e2teau de Rochefort au retour de ses campagnes en France voisine. Il est ami avec Joseph Perrety et Jeanne marguerite Roybet son \u00e9pouse. Bon nombre d\u2018habitants de l\u2019avant-pays savoyard le connaissent et l\u2019appr\u00e9cient. Mandrin pr\u00e9pare sa prochaine incursion en France. Le 4 mai 1755 il est \u00e0 Carouge (banlieue actuelle de Gen\u00e8ve) pour recevoir une livraison de 25 chevaux. Les 7 et 8 mai il est vu aux foires de Rumilly et Saint F\u00e9lix. Le 9 mai, vers les 4 heures de l\u2019apr\u00e8s-midi, sous la pluie, il arrive avec son camarade St Pierre le cadet au ch\u00e2teau de Rochefort. Il boite, son cheval lui est tomb\u00e9 sur la jambe durant le trajet.<\/p>\n<p style=\"text-align: justify;\">Inform\u00e9 de cette pr\u00e9sence au ch\u00e2teau, le Colonel De La Morli\u00e8re, donne l\u2019ordre vers 23h00\u00a0 le 10 mai 1755, \u00e0 500 hommes arm\u00e9s, pour la plupart des volontaires de Flandres (les argoulets) et une petite partie des employ\u00e9s de l\u00b4administration des contributions indirectes (fermiers g\u00e9n\u00e9raux) appel\u00e9s aussi les gapians, de franchir le Guiers \u00e0 hauteur d\u2019Avaux (Romagnieu). Ils longent le Palluel puis traversent les champs en culture, et vers 3 heures du matin arrivent au Ch\u00e2teau de Rochefort. Une partie des hommes foncent dans la chambre occup\u00e9e par Louis Mandrin et son ami St Pierre Le Cadet et proc\u00e8dent \u00e0 leur arrestation. Une autre partie entre dans les appartements occup\u00e9s par Joseph Perrety et son \u00e9pouse. Le couple est malmen\u00e9 et Joseph re\u00e7oit plusieurs coups de crosse de fusil et il est frapp\u00e9 \u00e0 la t\u00eate avec un b\u00e2ton. Jeanne Marguerite son \u00e9pouse et \u00e9galement rudoy\u00e9e. L\u2019appartement est mis \u00e0 sac et tout ce qui a de la valeur est d\u00e9rob\u00e9. Tout le ch\u00e2teau est ravag\u00e9. Le Capitaine De Larre partage l\u2019argent d\u00e9rob\u00e9 \u00e0 Joseph et sa femme (147 louis d\u2019or et une petite bourse remplie de doubles Louis d\u2018or neufs confi\u00e9e par Louis Mandrin) entre ses hommes. Le malheureux Joseph proteste et le capitaine donne l\u2019ordre de lui tirer un coup de fusil, qui heureusement le manque. Apr\u00e8s avoir pill\u00e9 le ch\u00e2teau les fran\u00e7ais repartent en direction de saint Genis d\u2019Aoste (St Genix sur guiers).<\/p>\n<p style=\"text-align: justify;\">Vers 6 heures du matin, arrivant aux abords d\u2019Avressieux par l\u2019actuelle route de la massette, un groupe de ces fran\u00e7ais rencontre le ma\u00eetre d\u2019\u00e9cole Daniel Bernard qui est dans la cour de la ferme o\u00f9 il loge. Joseph Demeure dit Chapuisat sa femme Guillemette Descotes et leur servante Marie Cordier sont \u00e9galement pr\u00e9sents. Une quinzaine d\u2019hommes entrent dans la demeure et pillent tout ce qu\u2019ils trouvent. Ils rouent de coups de pieds le pauvre ma\u00eetre d\u2019\u00e9cole en l\u2019emmenant avec eux. A une centaine de pas de la ferme, l\u2019un des sup\u00e9rieurs demande s\u2019il ne s\u2019agit pas du ma\u00eetre d\u2019\u00e9cole Bernard et sur la r\u00e9ponse affirmative de ses hommes, il demande pourquoi ils ne l\u2019ont pas tu\u00e9 car il s\u2019agit d\u2019un ami de Mandrin. Aussit\u00f4t le pauvre homme re\u00e7oit une dizaine de coups de ba\u00efonnettes. Il est laiss\u00e9 pour mort au milieu du chemin baignant dans son sang. Il est d\u00e9couvert par les nomm\u00e9s Combaz Claude, Joseph Berthet et les fr\u00e8res Maubert tous d\u2019Avressieux. Ils le transportent chez lui sur une civi\u00e8re. Le pauvre homme crache du sang et il est atteint de fi\u00e8vre. Il reste en vie malgr\u00e9 tout.<\/p>\n<p style=\"text-align: justify;\">Peu de temps apr\u00e8s, en descendant vers Sainte Colombe sur le chemin menant \u00e0 St G\u00e9nis d\u2019Aoste, la troupe fran\u00e7aise remarque des paysans group\u00e9s devant une grange. Il s\u2019agit de Touloux dit Maubert Gaspard et Fran\u00e7ois Besornet d\u2019Avressieux et de leur ami Joseph Mercier de St Genis d\u2019Aoste. Des soldats les enjoignent de quitter les lieux sous peine de recevoir des coups de fusil. Ils mettent leur menace \u00e0 ex\u00e9cution et tirent plusieurs coups en direction du groupe d\u2019amis. Touloux dit Maubert Gaspard est s\u00e9rieusement touch\u00e9 au genou droit. Il a beaucoup de mal \u00e0 s\u2019enfuir avec ses camarades, mais malgr\u00e9 cette fuite, les fran\u00e7ais continuent leurs tirs puis partent sur St Genix d\u2019Aoste o\u00f9 ils font beaucoup d\u00e9g\u00e2ts et plusieurs morts avant de traverser le Guiers pour rejoindre la France avec leurs prisonniers.<\/p>\n<p style=\"text-align: justify;\">Le lendemain est missionn\u00e9 par la commission du S\u00e9nat de Savoie \u00e0 Chamb\u00e9ry, Noble Pierre Antoine Dichat s\u00e9nateur au S\u00e9nat, pour proc\u00e9der \u00e0 une enqu\u00eate sur les exc\u00e8s commis par des Fran\u00e7ais tant \u00e0 Rochefort, Avressieux qu\u2019\u00e0 St Genis d\u2019Aoste. Cette enqu\u00eate permet l\u2019indemnisation du pr\u00e9judice subi par toutes les victimes des fran\u00e7ais.<\/p>\n<p style=\"text-align: justify;\">Joseph Perrety et son \u00e9pouse Jeanne Marguerite Roybet per\u00e7oivent en tout la somme de 2992 livres 32 sous et 16 deniers soit 33758,24 de nos euros. Daniel Bernard re\u00e7oit la somme de 3126 livres et 12 sous, soit 35257,27\u20ac. Gaspard Touloux dit Maubert s\u2019est vu attribuer la somme de 60 livres soit 676,59\u20ac<\/p>\n<p style=\"text-align: justify;\">Quant \u00e0 Louis Mandrin et son compagnon St Pierre Le Cadet, ils seront enferm\u00e9s \u00e0 la prison de Valence. Louis Mandrin est rou\u00e9 vif le\u00a0 26 mai 1755 sur la place des clercs de Valence, devant 6 000 curieux. Il aurait endur\u00e9 son supplice sans une plainte et aurait m\u00eame demand\u00e9 qu&rsquo;on poursuive sa r\u00e9volte contre le fisc.<\/p>\n<p style=\"text-align: justify;\">L&rsquo;homme est mort. C&rsquo;est alors le d\u00e9but de la l\u00e9gende du bandit justicier qui a lutt\u00e9 contre l&rsquo;iniquit\u00e9 des taxes de l&rsquo;Ancien r\u00e9gime.<\/p>\n<p style=\"text-align: justify;\">Si Mandrin et sa bande, appliquant leur propre justice, ont ind\u00e9niablement laiss\u00e9 des victimes derri\u00e8re eux, ce n&rsquo;est pas ce qui demeure de la l\u00e9gende. Dans l&rsquo;imaginaire collectif, il reste aujourd&rsquo;hui le brigand h\u00e9ro\u00efque, qui vole les riches en d\u00e9fiant gentiment la mar\u00e9chauss\u00e9e.<\/p>\n<p style=\"text-align: justify;\">Sources : Archives d\u00e9partementales de Savoie \u00e0 Chamb\u00e9ry &#8211; Mandrin Capitaine g\u00e9n\u00e9ral des contrebandiers de France par Frantz Funck-Brentano &#8211; Histoire des communes savoyardes tome I de Philippe Paillard avec la collaboration de Mich\u00e8le Brocard, Lucien Lagier-Bruno, Andr\u00e9 Palluel-Guillard, Editions Horvath 1982.<\/p>\n<p>[\/et_pb_text][\/et_pb_column_inner][\/et_pb_row_inner][et_pb_row_inner column_structure=\u00a0\u00bb1_2,1_2&Prime; _builder_version=\u00a0\u00bb4.6.5&Prime; _module_preset=\u00a0\u00bbdefault\u00a0\u00bb width=\u00a0\u00bb90%\u00a0\u00bb width_tablet=\u00a0\u00bb\u00a0\u00bb width_phone=\u00a0\u00bb\u00a0\u00bb width_last_edited=\u00a0\u00bbon|desktop\u00a0\u00bb module_alignment=\u00a0\u00bbcenter\u00a0\u00bb custom_margin=\u00a0\u00bb1px|||||\u00a0\u00bb custom_padding=\u00a0\u00bb24px||19px|||\u00a0\u00bb border_color_all=\u00a0\u00bb#299691&Prime; border_style_top=\u00a0\u00bbdotted\u00a0\u00bb global_colors_info=\u00a0\u00bb{}\u00a0\u00bb][et_pb_column_inner type=\u00a0\u00bb1_2&Prime; saved_specialty_column_type=\u00a0\u00bb3_4&Prime; _builder_version=\u00a0\u00bb4.6.1&Prime; _module_preset=\u00a0\u00bbdefault\u00a0\u00bb global_colors_info=\u00a0\u00bb{}\u00a0\u00bb][\/et_pb_column_inner][et_pb_column_inner type=\u00a0\u00bb1_2&Prime; saved_specialty_column_type=\u00a0\u00bb3_4&Prime; _builder_version=\u00a0\u00bb4.6.1&Prime; _module_preset=\u00a0\u00bbdefault\u00a0\u00bb global_colors_info=\u00a0\u00bb{}\u00a0\u00bb][\/et_pb_column_inner][\/et_pb_row_inner][\/et_pb_column][et_pb_column type=\u00a0\u00bb1_4&Prime; _builder_version=\u00a0\u00bb3.25&Prime; custom_padding=\u00a0\u00bb|||\u00a0\u00bb global_colors_info=\u00a0\u00bb{}\u00a0\u00bb custom_padding__hover=\u00a0\u00bb|||\u00a0\u00bb][et_pb_text admin_label=\u00a0\u00bbTitre menu gauche\u00a0\u00bb _builder_version=\u00a0\u00bb4.6.5&Prime; _module_preset=\u00a0\u00bbdefault\u00a0\u00bb text_font=\u00a0\u00bbOpen Sans|||||on|||\u00a0\u00bb text_text_color=\u00a0\u00bb#ffffff\u00a0\u00bb text_font_size=\u00a0\u00bb20px\u00a0\u00bb text_letter_spacing=\u00a0\u00bb1px\u00a0\u00bb background_color=\u00a0\u00bb#299691&Prime; custom_margin=\u00a0\u00bb-120px||0px||false|false\u00a0\u00bb custom_margin_tablet=\u00a0\u00bb0px||0px||false|false\u00a0\u00bb custom_margin_phone=\u00a0\u00bb\u00a0\u00bb custom_margin_last_edited=\u00a0\u00bbon|tablet\u00a0\u00bb custom_padding=\u00a0\u00bb60px||10px|15px|false|false\u00a0\u00bb global_module=\u00a0\u00bb1978&Prime; saved_tabs=\u00a0\u00bball\u00a0\u00bb global_colors_info=\u00a0\u00bb{}\u00a0\u00bb]<\/p>\n<p><img decoding=\"async\" src=\"https:\/\/www.avressieux.com\/mairie\/wp-content\/uploads\/2020\/08\/puce1.png\" width=\"30\" height=\"30\" alt=\"puce\" class=\"wp-image-1266 alignleft size-full\" \/>Rubriques Tourisme \u00c9conomie<\/p>\n<div id=\"gtx-trans\" style=\"position: absolute; left: 320px; top: 0.200001px;\">\n<div class=\"gtx-trans-icon\"><\/div>\n<\/div>\n<p>[\/et_pb_text][et_pb_text admin_label=\u00a0\u00bbMenu gauche\u00a0\u00bb _builder_version=\u00a0\u00bb4.6.5&Prime; _module_preset=\u00a0\u00bbdefault\u00a0\u00bb text_text_color=\u00a0\u00bb#ffffff\u00a0\u00bb text_font_size=\u00a0\u00bb14px\u00a0\u00bb link_text_color=\u00a0\u00bb#ffffff\u00a0\u00bb background_color=\u00a0\u00bb#299691&Prime; custom_margin=\u00a0\u00bb0px||40px||false|false\u00a0\u00bb custom_margin_tablet=\u00a0\u00bb\u00a0\u00bb custom_margin_phone=\u00a0\u00bb||0px||false|false\u00a0\u00bb custom_margin_last_edited=\u00a0\u00bbon|phone\u00a0\u00bb custom_padding=\u00a0\u00bb20px|20px|10px|20px|false|false\u00a0\u00bb link_letter_spacing_last_edited=\u00a0\u00bboff|desktop\u00a0\u00bb global_module=\u00a0\u00bb1981&Prime; saved_tabs=\u00a0\u00bball\u00a0\u00bb global_colors_info=\u00a0\u00bb{}\u00a0\u00bb]<\/p>\n<ul>\n<li><a href=\"https:\/\/www.avressieux.com\/mairie\/cooperative-laitiere-fruitiere\/\">La coop\u00e9rative laiti\u00e8re<\/a><\/li>\n<li><a href=\"https:\/\/www.avressieux.com\/mairie\/vente-a-la-ferme-et-agriculture\/\">Vente \u00e0 la ferme et agriculture<\/a><\/li>\n<li><a href=\"https:\/\/www.avressieux.com\/mairie\/artistes-et-createurs-locaux\/\">Artistes et cr\u00e9ateurs locaux<\/a><\/li>\n<li><a href=\"https:\/\/www.avressieux.com\/mairie\/artisans-industrie-services-economie-locale\/\">Artisans, industrie et services<\/a><\/li>\n<li><a href=\"https:\/\/www.avressieux.com\/mairie\/chateau-de-montfleury\/\">Ch\u00e2teau de Montfleury<\/a><\/li>\n<li><a href=\"https:\/\/www.avressieux.com\/mairie\/hebergements\/\">H\u00e9bergements<\/a><\/li>\n<li><a href=\"https:\/\/www.avressieux.com\/mairie\/curiosites-et-patrimoine\/\">Curiosit\u00e9s et patrimoine<\/a><\/li>\n<li><a href=\"https:\/\/www.avressieux.com\/histoire\/\" target=\"_blank\" rel=\"noopener noreferrer\">Notre histoire<\/a><\/li>\n<li>Sortir<br \/> &gt; <a href=\"https:\/\/www.pays-lac-aiguebelette.com\/je-sors\/\" target=\"_blank\" rel=\"noopener noreferrer\">Agenda du Guiers et du Lac d&rsquo;Aiguebelette<\/a><br \/> &gt; <a href=\"https:\/\/culture-avant-pays-savoyard.fr\/accueil\" target=\"_blank\" rel=\"noopener noreferrer\">Agenda culturel de l&rsquo;Avant-Pays Savoyard<\/a><\/li>\n<\/ul>\n<p>[\/et_pb_text][et_pb_divider color=\u00a0\u00bb#ffffff\u00a0\u00bb divider_weight=\u00a0\u00bb12px\u00a0\u00bb disabled_on=\u00a0\u00bboff|off|on\u00a0\u00bb _builder_version=\u00a0\u00bb4.6.5&Prime; _module_preset=\u00a0\u00bbdefault\u00a0\u00bb global_colors_info=\u00a0\u00bb{}\u00a0\u00bb][\/et_pb_divider][et_pb_text _builder_version=\u00a0\u00bb4.6.1&Prime; _module_preset=\u00a0\u00bbdefault\u00a0\u00bb text_font=\u00a0\u00bbOpen Sans|||||on|||\u00a0\u00bb text_text_color=\u00a0\u00bb#02726d\u00a0\u00bb text_font_size=\u00a0\u00bb20px\u00a0\u00bb text_letter_spacing=\u00a0\u00bb1px\u00a0\u00bb custom_padding=\u00a0\u00bb|||10px|false|false\u00a0\u00bb global_colors_info=\u00a0\u00bb{}\u00a0\u00bb]<\/p>\n<p><img decoding=\"async\" src=\"https:\/\/www.avressieux.com\/mairie\/wp-content\/uploads\/2020\/08\/puce1.png\" width=\"30\" height=\"30\" alt=\"puce\" class=\"wp-image-1266 alignleft size-full\" \/>Actualit\u00e9s municipales<\/p>\n<p>[\/et_pb_text][et_pb_sidebar orientation=\u00a0\u00bbright\u00a0\u00bb area=\u00a0\u00bbet_pb_widget_area_3&Prime; show_border=\u00a0\u00bboff\u00a0\u00bb _builder_version=\u00a0\u00bb4.6.1&Prime; _module_preset=\u00a0\u00bbdefault\u00a0\u00bb body_font_size=\u00a0\u00bb13px\u00a0\u00bb custom_padding=\u00a0\u00bb|5px||5px|false|false\u00a0\u00bb global_colors_info=\u00a0\u00bb{}\u00a0\u00bb][\/et_pb_sidebar][\/et_pb_column][\/et_pb_section]<\/p>\n","protected":false},"excerpt":{"rendered":"<p>Avressieux et l\u2019arrestation de Louis Mandrin &nbsp; Au milieu du 18\u00e8me si\u00e8cle, Lay-Avrecieux (Avressieux) est un petit village tranquille de l\u2019avant- pays savoyard, non loin de la fronti\u00e8re avec la France, marqu\u00e9e par le cours du Guiers vif. A cette \u00e9poque les lieux dits et mas (le mas est un ensemble de terres et de [&hellip;]<\/p>\n","protected":false},"author":1,"featured_media":0,"parent":0,"menu_order":0,"comment_status":"closed","ping_status":"closed","template":"","meta":{"_et_pb_use_builder":"on","_et_pb_old_content":"<!-- wp:paragraph -->\n<p>Ceci est une page d\u2019exemple. C\u2019est diff\u00e9rent d\u2019un article de blog parce qu\u2019elle restera au m\u00eame endroit et appara\u00eetra dans la navigation de votre site (dans la plupart des th\u00e8mes). La plupart des gens commencent par une page \u00ab&nbsp;\u00c0 propos&nbsp;\u00bb qui les pr\u00e9sente aux visiteurs du site. Cela pourrait ressembler \u00e0 quelque chose comme cela&nbsp;:<\/p>\n<!-- \/wp:paragraph -->\n\n<!-- wp:quote -->\n<blockquote class=\"wp-block-quote\"><p>Bonjour&nbsp;! Je suis un m\u00e9canicien qui aspire \u00e0 devenir acteur, et voici mon site. J\u2019habite \u00e0 Bordeaux, j\u2019ai un super chien baptis\u00e9 Russell, et j\u2019aime la vodka-ananas (ainsi qu\u2019\u00eatre surpris par la pluie soudaine lors de longues balades sur la plage au coucher du soleil).<\/p><\/blockquote>\n<!-- \/wp:quote -->\n\n<!-- wp:paragraph -->\n<p>... ou quelque chose comme cela&nbsp;:<\/p>\n<!-- \/wp:paragraph -->\n\n<!-- wp:quote -->\n<blockquote class=\"wp-block-quote\"><p>La soci\u00e9t\u00e9 123 Machin Truc a \u00e9t\u00e9 cr\u00e9\u00e9e en 1971, et n\u2019a cess\u00e9 de proposer au public des machins-trucs de qualit\u00e9 depuis lors. Situ\u00e9e \u00e0 Saint-Remy-en-Bouzemont-Saint-Genest-et-Isson, 123 Machin Truc emploie 2 000 personnes, et fabrique toutes sortes de bidules super pour la communaut\u00e9 bouzemontoise.<\/p><\/blockquote>\n<!-- \/wp:quote -->\n\n<!-- wp:paragraph -->\n<p>En tant que nouvel\u00b7le utilisateur ou utilisatrice de WordPress, vous devriez vous rendre sur <a href=\"http:\/\/www.avressieux.com\/mairie\/wp-admin\/\">votre tableau de bord<\/a> pour supprimer cette page et cr\u00e9er de nouvelles pages pour votre contenu. Amusez-vous bien&nbsp;!<\/p>\n<!-- \/wp:paragraph -->","_et_gb_content_width":"","footnotes":""},"class_list":["post-3085","page","type-page","status-publish","hentry"],"yoast_head":"<!-- This site is optimized with the Yoast SEO plugin v27.5 - https:\/\/yoast.com\/product\/yoast-seo-wordpress\/ -->\n<title>Avressieux et l&#039;arrestation de Louis Mandrin | L&#039;histoire du village, archives | Avressieux, 73<\/title>\n<meta name=\"description\" content=\"Avressieux et l&#039;arrestation de Louis Mandrin | Commune d&#039;Avressieux | Les poilus d&#039;Avressieux, d\u00e9couvertes locales, parimoine, histoire du village\" \/>\n<meta name=\"robots\" content=\"index, follow, max-snippet:-1, max-image-preview:large, max-video-preview:-1\" \/>\n<link rel=\"canonical\" href=\"https:\/\/www.avressieux.com\/mairie\/avressieux-et-larrestation-de-louis-mandrin\/\" \/>\n<meta property=\"og:locale\" content=\"fr_FR\" \/>\n<meta property=\"og:type\" content=\"article\" \/>\n<meta property=\"og:title\" content=\"Avressieux et l&#039;arrestation de Louis Mandrin | L&#039;histoire du village, archives | Avressieux, 73\" \/>\n<meta property=\"og:description\" content=\"Avressieux et l&#039;arrestation de Louis Mandrin | Commune d&#039;Avressieux | Les poilus d&#039;Avressieux, d\u00e9couvertes locales, parimoine, histoire du village\" \/>\n<meta property=\"og:url\" content=\"https:\/\/www.avressieux.com\/mairie\/avressieux-et-larrestation-de-louis-mandrin\/\" \/>\n<meta property=\"og:site_name\" content=\"Avressieux\" \/>\n<meta property=\"article:publisher\" content=\"https:\/\/www.facebook.com\/Mairie-dAvressieux-104859844654359\/\" \/>\n<meta property=\"article:modified_time\" content=\"2021-11-09T11:33:48+00:00\" \/>\n<meta property=\"og:image\" content=\"https:\/\/www.avressieux.com\/mairie\/wp-content\/uploads\/2020\/08\/puce1.png\" \/>\n<meta name=\"twitter:card\" content=\"summary_large_image\" \/>\n<meta name=\"twitter:label1\" content=\"Dur\u00e9e de lecture estim\u00e9e\" \/>\n\t<meta name=\"twitter:data1\" content=\"3 minutes\" \/>\n<script type=\"application\/ld+json\" class=\"yoast-schema-graph\">{\"@context\":\"https:\\\/\\\/schema.org\",\"@graph\":[{\"@type\":\"WebPage\",\"@id\":\"https:\\\/\\\/www.avressieux.com\\\/mairie\\\/avressieux-et-larrestation-de-louis-mandrin\\\/\",\"url\":\"https:\\\/\\\/www.avressieux.com\\\/mairie\\\/avressieux-et-larrestation-de-louis-mandrin\\\/\",\"name\":\"Avressieux et l'arrestation de Louis Mandrin | L'histoire du village, archives | Avressieux, 73\",\"isPartOf\":{\"@id\":\"https:\\\/\\\/www.avressieux.com\\\/mairie\\\/#website\"},\"primaryImageOfPage\":{\"@id\":\"https:\\\/\\\/www.avressieux.com\\\/mairie\\\/avressieux-et-larrestation-de-louis-mandrin\\\/#primaryimage\"},\"image\":{\"@id\":\"https:\\\/\\\/www.avressieux.com\\\/mairie\\\/avressieux-et-larrestation-de-louis-mandrin\\\/#primaryimage\"},\"thumbnailUrl\":\"https:\\\/\\\/www.avressieux.com\\\/mairie\\\/wp-content\\\/uploads\\\/2020\\\/08\\\/puce1.png\",\"datePublished\":\"2021-02-22T09:54:14+00:00\",\"dateModified\":\"2021-11-09T11:33:48+00:00\",\"description\":\"Avressieux et l'arrestation de Louis Mandrin | Commune d'Avressieux | Les poilus d'Avressieux, d\u00e9couvertes locales, parimoine, histoire du village\",\"breadcrumb\":{\"@id\":\"https:\\\/\\\/www.avressieux.com\\\/mairie\\\/avressieux-et-larrestation-de-louis-mandrin\\\/#breadcrumb\"},\"inLanguage\":\"fr-FR\",\"potentialAction\":[{\"@type\":\"ReadAction\",\"target\":[\"https:\\\/\\\/www.avressieux.com\\\/mairie\\\/avressieux-et-larrestation-de-louis-mandrin\\\/\"]}]},{\"@type\":\"ImageObject\",\"inLanguage\":\"fr-FR\",\"@id\":\"https:\\\/\\\/www.avressieux.com\\\/mairie\\\/avressieux-et-larrestation-de-louis-mandrin\\\/#primaryimage\",\"url\":\"https:\\\/\\\/www.avressieux.com\\\/mairie\\\/wp-content\\\/uploads\\\/2020\\\/08\\\/puce1.png\",\"contentUrl\":\"https:\\\/\\\/www.avressieux.com\\\/mairie\\\/wp-content\\\/uploads\\\/2020\\\/08\\\/puce1.png\",\"width\":30,\"height\":30,\"caption\":\"puce\"},{\"@type\":\"BreadcrumbList\",\"@id\":\"https:\\\/\\\/www.avressieux.com\\\/mairie\\\/avressieux-et-larrestation-de-louis-mandrin\\\/#breadcrumb\",\"itemListElement\":[{\"@type\":\"ListItem\",\"position\":1,\"name\":\"Accueil\",\"item\":\"https:\\\/\\\/www.avressieux.com\\\/mairie\\\/\"},{\"@type\":\"ListItem\",\"position\":2,\"name\":\"Avressieux et l&rsquo;arrestation de Louis Mandrin\"}]},{\"@type\":\"WebSite\",\"@id\":\"https:\\\/\\\/www.avressieux.com\\\/mairie\\\/#website\",\"url\":\"https:\\\/\\\/www.avressieux.com\\\/mairie\\\/\",\"name\":\"Avressieux\",\"description\":\"Site officiel de la commune\",\"publisher\":{\"@id\":\"https:\\\/\\\/www.avressieux.com\\\/mairie\\\/#organization\"},\"potentialAction\":[{\"@type\":\"SearchAction\",\"target\":{\"@type\":\"EntryPoint\",\"urlTemplate\":\"https:\\\/\\\/www.avressieux.com\\\/mairie\\\/?s={search_term_string}\"},\"query-input\":{\"@type\":\"PropertyValueSpecification\",\"valueRequired\":true,\"valueName\":\"search_term_string\"}}],\"inLanguage\":\"fr-FR\"},{\"@type\":\"Organization\",\"@id\":\"https:\\\/\\\/www.avressieux.com\\\/mairie\\\/#organization\",\"name\":\"Commune d'Avressieux\",\"url\":\"https:\\\/\\\/www.avressieux.com\\\/mairie\\\/\",\"logo\":{\"@type\":\"ImageObject\",\"inLanguage\":\"fr-FR\",\"@id\":\"https:\\\/\\\/www.avressieux.com\\\/mairie\\\/#\\\/schema\\\/logo\\\/image\\\/\",\"url\":\"https:\\\/\\\/www.avressieux.com\\\/mairie\\\/wp-content\\\/uploads\\\/2020\\\/08\\\/favicon.jpg\",\"contentUrl\":\"https:\\\/\\\/www.avressieux.com\\\/mairie\\\/wp-content\\\/uploads\\\/2020\\\/08\\\/favicon.jpg\",\"width\":512,\"height\":512,\"caption\":\"Commune d'Avressieux\"},\"image\":{\"@id\":\"https:\\\/\\\/www.avressieux.com\\\/mairie\\\/#\\\/schema\\\/logo\\\/image\\\/\"},\"sameAs\":[\"https:\\\/\\\/www.facebook.com\\\/Mairie-dAvressieux-104859844654359\\\/\"]}]}<\/script>\n<!-- \/ Yoast SEO plugin. -->","yoast_head_json":{"title":"Avressieux et l'arrestation de Louis Mandrin | L'histoire du village, archives | Avressieux, 73","description":"Avressieux et l'arrestation de Louis Mandrin | Commune d'Avressieux | Les poilus d'Avressieux, d\u00e9couvertes locales, parimoine, histoire du village","robots":{"index":"index","follow":"follow","max-snippet":"max-snippet:-1","max-image-preview":"max-image-preview:large","max-video-preview":"max-video-preview:-1"},"canonical":"https:\/\/www.avressieux.com\/mairie\/avressieux-et-larrestation-de-louis-mandrin\/","og_locale":"fr_FR","og_type":"article","og_title":"Avressieux et l'arrestation de Louis Mandrin | L'histoire du village, archives | Avressieux, 73","og_description":"Avressieux et l'arrestation de Louis Mandrin | Commune d'Avressieux | Les poilus d'Avressieux, d\u00e9couvertes locales, parimoine, histoire du village","og_url":"https:\/\/www.avressieux.com\/mairie\/avressieux-et-larrestation-de-louis-mandrin\/","og_site_name":"Avressieux","article_publisher":"https:\/\/www.facebook.com\/Mairie-dAvressieux-104859844654359\/","article_modified_time":"2021-11-09T11:33:48+00:00","og_image":[{"url":"https:\/\/www.avressieux.com\/mairie\/wp-content\/uploads\/2020\/08\/puce1.png","type":"","width":"","height":""}],"twitter_card":"summary_large_image","twitter_misc":{"Dur\u00e9e de lecture estim\u00e9e":"3 minutes"},"schema":{"@context":"https:\/\/schema.org","@graph":[{"@type":"WebPage","@id":"https:\/\/www.avressieux.com\/mairie\/avressieux-et-larrestation-de-louis-mandrin\/","url":"https:\/\/www.avressieux.com\/mairie\/avressieux-et-larrestation-de-louis-mandrin\/","name":"Avressieux et l'arrestation de Louis Mandrin | L'histoire du village, archives | Avressieux, 73","isPartOf":{"@id":"https:\/\/www.avressieux.com\/mairie\/#website"},"primaryImageOfPage":{"@id":"https:\/\/www.avressieux.com\/mairie\/avressieux-et-larrestation-de-louis-mandrin\/#primaryimage"},"image":{"@id":"https:\/\/www.avressieux.com\/mairie\/avressieux-et-larrestation-de-louis-mandrin\/#primaryimage"},"thumbnailUrl":"https:\/\/www.avressieux.com\/mairie\/wp-content\/uploads\/2020\/08\/puce1.png","datePublished":"2021-02-22T09:54:14+00:00","dateModified":"2021-11-09T11:33:48+00:00","description":"Avressieux et l'arrestation de Louis Mandrin | Commune d'Avressieux | Les poilus d'Avressieux, d\u00e9couvertes locales, parimoine, histoire du village","breadcrumb":{"@id":"https:\/\/www.avressieux.com\/mairie\/avressieux-et-larrestation-de-louis-mandrin\/#breadcrumb"},"inLanguage":"fr-FR","potentialAction":[{"@type":"ReadAction","target":["https:\/\/www.avressieux.com\/mairie\/avressieux-et-larrestation-de-louis-mandrin\/"]}]},{"@type":"ImageObject","inLanguage":"fr-FR","@id":"https:\/\/www.avressieux.com\/mairie\/avressieux-et-larrestation-de-louis-mandrin\/#primaryimage","url":"https:\/\/www.avressieux.com\/mairie\/wp-content\/uploads\/2020\/08\/puce1.png","contentUrl":"https:\/\/www.avressieux.com\/mairie\/wp-content\/uploads\/2020\/08\/puce1.png","width":30,"height":30,"caption":"puce"},{"@type":"BreadcrumbList","@id":"https:\/\/www.avressieux.com\/mairie\/avressieux-et-larrestation-de-louis-mandrin\/#breadcrumb","itemListElement":[{"@type":"ListItem","position":1,"name":"Accueil","item":"https:\/\/www.avressieux.com\/mairie\/"},{"@type":"ListItem","position":2,"name":"Avressieux et l&rsquo;arrestation de Louis Mandrin"}]},{"@type":"WebSite","@id":"https:\/\/www.avressieux.com\/mairie\/#website","url":"https:\/\/www.avressieux.com\/mairie\/","name":"Avressieux","description":"Site officiel de la commune","publisher":{"@id":"https:\/\/www.avressieux.com\/mairie\/#organization"},"potentialAction":[{"@type":"SearchAction","target":{"@type":"EntryPoint","urlTemplate":"https:\/\/www.avressieux.com\/mairie\/?s={search_term_string}"},"query-input":{"@type":"PropertyValueSpecification","valueRequired":true,"valueName":"search_term_string"}}],"inLanguage":"fr-FR"},{"@type":"Organization","@id":"https:\/\/www.avressieux.com\/mairie\/#organization","name":"Commune d'Avressieux","url":"https:\/\/www.avressieux.com\/mairie\/","logo":{"@type":"ImageObject","inLanguage":"fr-FR","@id":"https:\/\/www.avressieux.com\/mairie\/#\/schema\/logo\/image\/","url":"https:\/\/www.avressieux.com\/mairie\/wp-content\/uploads\/2020\/08\/favicon.jpg","contentUrl":"https:\/\/www.avressieux.com\/mairie\/wp-content\/uploads\/2020\/08\/favicon.jpg","width":512,"height":512,"caption":"Commune d'Avressieux"},"image":{"@id":"https:\/\/www.avressieux.com\/mairie\/#\/schema\/logo\/image\/"},"sameAs":["https:\/\/www.facebook.com\/Mairie-dAvressieux-104859844654359\/"]}]}},"publishpress_future_action":{"enabled":false,"date":"2026-05-07 02:07:41","action":"change-status","newStatus":"draft","terms":[],"taxonomy":"","extraData":[]},"publishpress_future_workflow_manual_trigger":{"enabledWorkflows":[]},"_links":{"self":[{"href":"https:\/\/www.avressieux.com\/mairie\/wp-json\/wp\/v2\/pages\/3085","targetHints":{"allow":["GET"]}}],"collection":[{"href":"https:\/\/www.avressieux.com\/mairie\/wp-json\/wp\/v2\/pages"}],"about":[{"href":"https:\/\/www.avressieux.com\/mairie\/wp-json\/wp\/v2\/types\/page"}],"author":[{"embeddable":true,"href":"https:\/\/www.avressieux.com\/mairie\/wp-json\/wp\/v2\/users\/1"}],"replies":[{"embeddable":true,"href":"https:\/\/www.avressieux.com\/mairie\/wp-json\/wp\/v2\/comments?post=3085"}],"version-history":[{"count":32,"href":"https:\/\/www.avressieux.com\/mairie\/wp-json\/wp\/v2\/pages\/3085\/revisions"}],"predecessor-version":[{"id":3440,"href":"https:\/\/www.avressieux.com\/mairie\/wp-json\/wp\/v2\/pages\/3085\/revisions\/3440"}],"wp:attachment":[{"href":"https:\/\/www.avressieux.com\/mairie\/wp-json\/wp\/v2\/media?parent=3085"}],"curies":[{"name":"wp","href":"https:\/\/api.w.org\/{rel}","templated":true}]}}