{"id":2319,"date":"2020-10-14T13:45:43","date_gmt":"2020-10-14T11:45:43","guid":{"rendered":"https:\/\/www.avressieux.com\/mairie\/?page_id=2319"},"modified":"2022-08-21T21:33:46","modified_gmt":"2022-08-21T19:33:46","slug":"ordures-menageres-et-dechetteries","status":"publish","type":"page","link":"https:\/\/www.avressieux.com\/mairie\/ordures-menageres-et-dechetteries\/","title":{"rendered":"Ordures m\u00e9nag\u00e8res et d\u00e9chetteries"},"content":{"rendered":"<p>[et_pb_section fb_built=\u00a0\u00bb1&Prime; make_equal=\u00a0\u00bbon\u00a0\u00bb use_custom_gutter=\u00a0\u00bbon\u00a0\u00bb specialty=\u00a0\u00bbon\u00a0\u00bb background_color_2=\u00a0\u00bbrgba(0,0,0,0.08)\u00a0\u00bb padding_top_1=\u00a0\u00bb20px\u00a0\u00bb padding_top_bottom_link_1=\u00a0\u00bbfalse\u00a0\u00bb padding_left_right_link_1=\u00a0\u00bbfalse\u00a0\u00bb padding_1_tablet=\u00a0\u00bb\u00a0\u00bb padding_1_phone=\u00a0\u00bb|20px||20px|false|false\u00a0\u00bb padding_1_last_edited=\u00a0\u00bbon|phone\u00a0\u00bb _builder_version=\u00a0\u00bb4.16&Prime; _module_preset=\u00a0\u00bbdefault\u00a0\u00bb width=\u00a0\u00bb100%\u00a0\u00bb max_width=\u00a0\u00bb100%\u00a0\u00bb module_alignment=\u00a0\u00bbcenter\u00a0\u00bb inner_width=\u00a0\u00bb100%\u00a0\u00bb inner_max_width=\u00a0\u00bb100%\u00a0\u00bb inner_module_alignment=\u00a0\u00bbcenter\u00a0\u00bb custom_margin=\u00a0\u00bb0px||||false|false\u00a0\u00bb custom_margin_tablet=\u00a0\u00bb20px||||false|false\u00a0\u00bb custom_margin_phone=\u00a0\u00bb\u00a0\u00bb custom_margin_last_edited=\u00a0\u00bbon|tablet\u00a0\u00bb custom_padding=\u00a0\u00bb0px||0px||false|false\u00a0\u00bb global_colors_info=\u00a0\u00bb{}\u00a0\u00bb][et_pb_column type=\u00a0\u00bb3_4&Prime; specialty_columns=\u00a0\u00bb3&Prime; _builder_version=\u00a0\u00bb4.16&Prime; custom_padding=\u00a0\u00bb|||\u00a0\u00bb global_colors_info=\u00a0\u00bb{}\u00a0\u00bb custom_padding__hover=\u00a0\u00bb|||\u00a0\u00bb][et_pb_row_inner _builder_version=\u00a0\u00bb4.16&Prime; _module_preset=\u00a0\u00bbdefault\u00a0\u00bb width=\u00a0\u00bb90%\u00a0\u00bb width_tablet=\u00a0\u00bb\u00a0\u00bb width_phone=\u00a0\u00bb\u00a0\u00bb width_last_edited=\u00a0\u00bbon|desktop\u00a0\u00bb module_alignment=\u00a0\u00bbcenter\u00a0\u00bb custom_padding=\u00a0\u00bb3px||13px|||\u00a0\u00bb global_colors_info=\u00a0\u00bb{}\u00a0\u00bb][et_pb_column_inner saved_specialty_column_type=\u00a0\u00bb3_4&Prime; _builder_version=\u00a0\u00bb4.16&Prime; _module_preset=\u00a0\u00bbdefault\u00a0\u00bb global_colors_info=\u00a0\u00bb{}\u00a0\u00bb][et_pb_text _builder_version=\u00a0\u00bb4.16&Prime; _module_preset=\u00a0\u00bbdefault\u00a0\u00bb text_font=\u00a0\u00bbOpen Sans|||||on|||\u00a0\u00bb text_text_color=\u00a0\u00bb#02726d\u00a0\u00bb text_font_size=\u00a0\u00bb20px\u00a0\u00bb text_letter_spacing=\u00a0\u00bb1px\u00a0\u00bb global_colors_info=\u00a0\u00bb{}\u00a0\u00bb]<\/p>\n<p><img decoding=\"async\" src=\"https:\/\/www.avressieux.com\/mairie\/wp-content\/uploads\/2020\/08\/puce1.png\" width=\"30\" height=\"30\" alt=\"puce\" class=\"wp-image-1266 alignleft size-full\" \/>Traitement et collecte des ordures<\/p>\n<div id=\"gtx-trans\" style=\"position: absolute; left: 116px; top: 0.200001px;\">\n<div class=\"gtx-trans-icon\"><\/div>\n<\/div>\n<p>[\/et_pb_text][\/et_pb_column_inner][\/et_pb_row_inner][et_pb_row_inner column_structure=\u00a0\u00bb1_2,1_2&Prime; _builder_version=\u00a0\u00bb4.16&Prime; _module_preset=\u00a0\u00bbdefault\u00a0\u00bb width=\u00a0\u00bb90%\u00a0\u00bb width_tablet=\u00a0\u00bb\u00a0\u00bb width_phone=\u00a0\u00bb\u00a0\u00bb width_last_edited=\u00a0\u00bbon|desktop\u00a0\u00bb module_alignment=\u00a0\u00bbcenter\u00a0\u00bb custom_padding=\u00a0\u00bb3px||30px|||\u00a0\u00bb global_colors_info=\u00a0\u00bb{}\u00a0\u00bb][et_pb_column_inner type=\u00a0\u00bb1_2&Prime; saved_specialty_column_type=\u00a0\u00bb3_4&Prime; _builder_version=\u00a0\u00bb4.16&Prime; _module_preset=\u00a0\u00bbdefault\u00a0\u00bb global_colors_info=\u00a0\u00bb{}\u00a0\u00bb][et_pb_image src=\u00a0\u00bbhttps:\/\/www.avressieux.com\/mairie\/wp-content\/uploads\/2020\/10\/dechets.jpg\u00a0\u00bb alt=\u00a0\u00bbd\u00e9chets\u00a0\u00bb title_text=\u00a0\u00bbd\u00e9chets\u00a0\u00bb _builder_version=\u00a0\u00bb4.16&Prime; _module_preset=\u00a0\u00bbdefault\u00a0\u00bb global_colors_info=\u00a0\u00bb{}\u00a0\u00bb][\/et_pb_image][\/et_pb_column_inner][et_pb_column_inner type=\u00a0\u00bb1_2&Prime; saved_specialty_column_type=\u00a0\u00bb3_4&Prime; _builder_version=\u00a0\u00bb4.16&Prime; _module_preset=\u00a0\u00bbdefault\u00a0\u00bb global_colors_info=\u00a0\u00bb{}\u00a0\u00bb][et_pb_text _builder_version=\u00a0\u00bb4.16&Prime; _module_preset=\u00a0\u00bbdefault\u00a0\u00bb text_orientation=\u00a0\u00bbjustified\u00a0\u00bb global_colors_info=\u00a0\u00bb{}\u00a0\u00bb]<\/p>\n<p align=\"justify\">Le <strong>SICTOM du Guiers<\/strong> g\u00e8re, pour le compte d&rsquo;une vingtaine de communes des territoires Val Guiers et des Vals du Dauphin\u00e9, la <strong>collecte et l\u2019incin\u00e9ration des ordures m\u00e9nag\u00e8res<\/strong>, les <strong>d\u00e9chetteries<\/strong>, le tri s\u00e9lectif, l\u2019aide au compostage et au broyage.<span id=\"more-48\"><\/span><\/p>\n<p align=\"justify\">Des plaquettes d\u2019information sont disponibles en mairie ainsi que des consignes de tri et des stop-pubs.<\/p>\n<p align=\"justify\">Des<span>\u00a0<\/span><span style=\"text-decoration: underline;\"><a href=\"http:\/\/www.sictom-guiers.fr\/index.php?page=horaires-des-decheteries-acces\" target=\"_blank\" rel=\"noopener noreferrer\">d\u00e9chetteries<\/a><\/span><span>\u00a0<\/span>se trouvent \u00e0 proximit\u00e9 de la commune, \u00e0 Domessin et \u00e0 Saint-Genix-les-Villages. Les bennes de collecte s\u00e9lective et une borne pour les textiles se trouvent sur la route de Pont-de-Beauvoisin, \u00e0 proximit\u00e9 de l\u2019autoroute.\u00a0<\/p>\n<p>[\/et_pb_text][\/et_pb_column_inner][\/et_pb_row_inner][et_pb_row_inner _builder_version=\u00a0\u00bb4.16&Prime; _module_preset=\u00a0\u00bbdefault\u00a0\u00bb width=\u00a0\u00bb90%\u00a0\u00bb width_tablet=\u00a0\u00bb\u00a0\u00bb width_phone=\u00a0\u00bb\u00a0\u00bb width_last_edited=\u00a0\u00bbon|desktop\u00a0\u00bb module_alignment=\u00a0\u00bbcenter\u00a0\u00bb custom_padding=\u00a0\u00bb3px|||||\u00a0\u00bb global_colors_info=\u00a0\u00bb{}\u00a0\u00bb][et_pb_column_inner saved_specialty_column_type=\u00a0\u00bb3_4&Prime; _builder_version=\u00a0\u00bb4.16&Prime; _module_preset=\u00a0\u00bbdefault\u00a0\u00bb global_colors_info=\u00a0\u00bb{}\u00a0\u00bb][et_pb_cta title=\u00a0\u00bbHoraires d\u00e9chetteries et infos\u00a0\u00bb button_url=\u00a0\u00bbhttp:\/\/www.sictom-guiers.fr\/index.php?page=horaires-des-decheteries-acces\u00a0\u00bb button_text=\u00a0\u00bbPlus d&rsquo;infos sur le site du SICTOM\u00a0\u00bb _builder_version=\u00a0\u00bb4.16&Prime; _module_preset=\u00a0\u00bbdefault\u00a0\u00bb background_color=\u00a0\u00bb#02726d\u00a0\u00bb custom_button=\u00a0\u00bbon\u00a0\u00bb button_bg_color=\u00a0\u00bb#299691&Prime; button_border_width=\u00a0\u00bb0px\u00a0\u00bb global_colors_info=\u00a0\u00bb{}\u00a0\u00bb]<\/p>\n<p>Vous trouverez toutes les informations sur les services sur le site du SICTOM<\/p>\n<p><a href=\"http:\/\/www.sictom-guiers.fr\/\" target=\"_blank\" rel=\"noopener noreferrer\"><img decoding=\"async\" src=\"https:\/\/www.avressieux.com\/mairie\/wp-content\/uploads\/2020\/10\/logo-SICTOM.jpg\" width=\"250\" height=\"181\" alt=\"Ordures m\u00e9nag\u00e8res et d\u00e9chets : logo SICTOM DU GUIERS\" class=\"wp-image-2327 alignnone size-full\" \/><\/a><\/p>\n<p>SICTOM DU GUIERS<br \/> 27 Avenue Pravaz<br \/> 38480 PONT DE BEAUVOISIN<\/p>\n<p>T\u00e9l 04 76 93 54 98<\/p>\n<p>[\/et_pb_cta][et_pb_text _builder_version=\u00a0\u00bb4.16&Prime; _module_preset=\u00a0\u00bbdefault\u00a0\u00bb background_enable_color=\u00a0\u00bboff\u00a0\u00bb text_orientation=\u00a0\u00bbcenter\u00a0\u00bb custom_margin=\u00a0\u00bb36px||-1px|||\u00a0\u00bb custom_padding=\u00a0\u00bb20px|20px|20px|20px|false|false\u00a0\u00bb hover_enabled=\u00a0\u00bb0&Prime; global_colors_info=\u00a0\u00bb{}\u00a0\u00bb sticky_enabled=\u00a0\u00bb0&Prime;]<\/p>\n<p>Les d\u00e9chetteries du territoire se modernisent, vous devez \u00e0 pr\u00e9sent enregistrer votre v\u00e9hicule afin de pouvoir acc\u00e9der aux diff\u00e9rents sites.<\/p>\n<p>[\/et_pb_text][et_pb_button button_url=\u00a0\u00bbhttps:\/\/moncompte-decheteries.horanet.com\/\u00a0\u00bb url_new_window=\u00a0\u00bbon\u00a0\u00bb button_text=\u00a0\u00bbInscrire sa voiture pour pouvoir passer en d\u00e9chetterie\u00a0\u00bb button_alignment=\u00a0\u00bbcenter\u00a0\u00bb _builder_version=\u00a0\u00bb4.16&Prime; _module_preset=\u00a0\u00bbdefault\u00a0\u00bb custom_button=\u00a0\u00bbon\u00a0\u00bb button_bg_color=\u00a0\u00bb#02726d\u00a0\u00bb button_icon=\u00a0\u00bb&#xe046;||divi||400&Prime; global_colors_info=\u00a0\u00bb{}\u00a0\u00bb][\/et_pb_button][et_pb_button button_url=\u00a0\u00bbhttps:\/\/www.avressieux.com\/mairie\/nuisances-civisme-divagation-des-chiens\/\u00a0\u00bb url_new_window=\u00a0\u00bbon\u00a0\u00bb button_text=\u00a0\u00bbInfos interdiction de br\u00fbler ses d\u00e9chets verts\u00a0\u00bb button_alignment=\u00a0\u00bbcenter\u00a0\u00bb _builder_version=\u00a0\u00bb4.16&Prime; _module_preset=\u00a0\u00bbdefault\u00a0\u00bb custom_button=\u00a0\u00bbon\u00a0\u00bb button_bg_color=\u00a0\u00bb#299691&Prime; button_icon=\u00a0\u00bb&#xe046;||divi||400&Prime; global_colors_info=\u00a0\u00bb{}\u00a0\u00bb button_bg_color__hover_enabled=\u00a0\u00bbon|hover\u00a0\u00bb button_bg_color__hover=\u00a0\u00bb#02726d\u00a0\u00bb button_bg_enable_color__hover=\u00a0\u00bbon\u00a0\u00bb][\/et_pb_button][et_pb_text _builder_version=\u00a0\u00bb4.16&Prime; _module_preset=\u00a0\u00bbdefault\u00a0\u00bb global_colors_info=\u00a0\u00bb{}\u00a0\u00bb]<\/p>\n<p style=\"line-height: 1.9872; text-align: justify; margin-top: 0pt; margin-bottom: 0pt;\" dir=\"ltr\"><a style=\"text-decoration-line: none;\" href=\"https:\/\/www.ecologie.gouv.fr\/loi-anti-gaspillage-economie-circulaire-1\" target=\"_blank\" rel=\"noopener\"><span style=\"font-family: Arial; background-color: transparent; font-variant-numeric: normal; font-variant-east-asian: normal; text-decoration-line: underline; vertical-align: baseline; white-space: pre-wrap;\">Loi anti-gaspillage<\/span><\/a><\/p>\n<p style=\"line-height: 1.9872; margin-top: 0pt; margin-bottom: 0pt;\" dir=\"ltr\"><span style=\"font-family: Arial; color: #000000; background-color: transparent; font-variant-numeric: normal; font-variant-east-asian: normal; vertical-align: baseline; white-space: pre-wrap;\">Au 1er Janvier 2021, de nouvelles mesures sont entr\u00e9es en vigueur pour aider dans la lutte contre le gaspillage. Un logo unique afin de savoir si un produit peut \u00eatre tri\u00e9 ou non. En cas de pr\u00e9sence du logo, le produit ne pourra plus \u00eatre jet\u00e9 dans le bac \u00e0 ordures m\u00e9nag\u00e8res. On note \u00e9galement la mise en place d&rsquo;un dispositif de vrac obligeant les vendeurs \u00e0 accepter les contenants apport\u00e9s par les particuliers.\u00a0<\/span><\/p>\n<p style=\"line-height: 1.656; margin-top: 0pt; margin-bottom: 0pt;\"><span style=\"font-family: Arial; color: #000000; background-color: transparent; font-variant-numeric: normal; font-variant-east-asian: normal; vertical-align: baseline; white-space: pre-wrap;\">Ces mesures ont pour objectif<\/span><a style=\"text-decoration-line: none;\" href=\"https:\/\/climate.selectra.com\/fr\/empreinte-carbone\" target=\"_blank\" rel=\"noopener\"><span style=\"font-family: Arial; color: #000000; background-color: transparent; font-variant-numeric: normal; font-variant-east-asian: normal; vertical-align: baseline; white-space: pre-wrap;\"> <\/span><span style=\"font-family: Arial; background-color: transparent; font-variant-numeric: normal; font-variant-east-asian: normal; text-decoration-line: underline; vertical-align: baseline; white-space: pre-wrap;\">de r\u00e9duire l&#8217;empreinte carbone<\/span><\/a><span style=\"font-family: Arial; color: #000000; background-color: transparent; font-variant-numeric: normal; font-variant-east-asian: normal; vertical-align: baseline; white-space: pre-wrap;\"> et de lutter contre le r\u00e9chauffement climatique.<\/span><\/p>\n<p>[\/et_pb_text][\/et_pb_column_inner][\/et_pb_row_inner][et_pb_row_inner _builder_version=\u00a0\u00bb4.17.4&Prime; _module_preset=\u00a0\u00bbdefault\u00a0\u00bb][et_pb_column_inner saved_specialty_column_type=\u00a0\u00bb3_4&Prime; _builder_version=\u00a0\u00bb4.17.4&Prime; _module_preset=\u00a0\u00bbdefault\u00a0\u00bb][et_pb_text _builder_version=\u00a0\u00bb4.17.4&Prime; _module_preset=\u00a0\u00bbdefault\u00a0\u00bb hover_enabled=\u00a0\u00bb0&Prime; sticky_enabled=\u00a0\u00bb0&Prime; custom_padding=\u00a0\u00bb27px|20px|20px|20px|false|true\u00a0\u00bb custom_margin=\u00a0\u00bb|36px||36px|false|true\u00a0\u00bb]<\/p>\n<p style=\"line-height: 1.38; margin-top: 0pt; margin-bottom: 0pt;\"><span style=\"font-size: 11pt; font-family: Arial; color: #000000; background-color: transparent; font-weight: 400; font-style: normal; font-variant: normal; text-decoration: none; vertical-align: baseline;\">Ci-dessous les d\u00e9chets interdits pour votre<\/span> <a href=\"https:\/\/www.fournisseur-energie.com\/que-faire-de-mes-dechets\/\" style=\"text-decoration: none;\" target=\"_blank\" data-saferedirecturl=\"https:\/\/www.google.com\/url?q=https:\/\/www.fournisseur-energie.com\/que-faire-de-mes-dechets\/&amp;source=gmail&amp;ust=1661196070807000&amp;usg=AOvVaw0N8VBR_OxeJ6TeDVNf4cLf\" rel=\"noopener\"><span style=\"font-size: 11pt; font-family: Arial; color: #1e1e1c; background-color: transparent; font-weight: 400; font-style: normal; font-variant: normal; text-decoration: none; vertical-align: baseline;\">poubelle<\/span><\/a><span style=\"font-size: 11pt; font-family: Arial; color: #000000; background-color: transparent; font-weight: 400; font-style: normal; font-variant: normal; text-decoration: none; vertical-align: baseline;\"> !\u00a0<\/span><\/p>\n<p style=\"line-height: 1.38; margin-top: 0pt; margin-bottom: 0pt;\"><strong style=\"font-weight: normal;\">\u00a0<\/strong><\/p>\n<p style=\"line-height: 1.656; margin-top: 0pt; margin-bottom: 0pt;\"><span style=\"font-size: 11pt; font-family: Arial; color: #000000; background-color: transparent; font-weight: bold; font-style: normal; font-variant: normal; text-decoration: none; vertical-align: baseline;\">&#8211; Les piles, les batteries ou les ampoules :<\/span><span style=\"font-size: 11pt; font-family: Arial; color: #000000; background-color: transparent; font-weight: 400; font-style: normal; font-variant: normal; text-decoration: none; vertical-align: baseline;\"> vous pouvez les recycler via des fili\u00e8res sp\u00e9cialis\u00e9es. Il existe \u00e9galement de nombreux points de collecte dans les supermarch\u00e9s.<\/span><\/p>\n<p style=\"line-height: 1.656; margin-top: 0pt; margin-bottom: 0pt;\"><span style=\"font-size: 11pt; font-family: Arial; color: #000000; background-color: transparent; font-weight: bold; font-style: normal; font-variant: normal; text-decoration: none; vertical-align: baseline;\">&#8211; Les m\u00e9dicaments p\u00e9rim\u00e9s :<\/span><span style=\"font-size: 11pt; font-family: Arial; color: #000000; background-color: transparent; font-weight: 400; font-style: normal; font-variant: normal; text-decoration: none; vertical-align: baseline;\"> ils doivent \u00eatre rapport\u00e9s en pharmacie, afin <\/span><span style=\"font-size: 11pt; font-family: Arial; color: #1d1c1d; background-color: transparent; font-weight: 400; font-style: normal; font-variant: normal; text-decoration: none; vertical-align: baseline;\">d\u2019avoir <\/span><span style=\"font-size: 11pt; font-family: Arial; color: #000000; background-color: transparent; font-weight: 400; font-style: normal; font-variant: normal; text-decoration: none; vertical-align: baseline;\">l\u2019<\/span><a href=\"https:\/\/www.papernest.com\/assurance-habitation\/pas-chere\/\" style=\"text-decoration: none;\" target=\"_blank\" data-saferedirecturl=\"https:\/\/www.google.com\/url?q=https:\/\/www.papernest.com\/assurance-habitation\/pas-chere\/&amp;source=gmail&amp;ust=1661196070807000&amp;usg=AOvVaw3bU4dvkM5PSeVB_4x95gTx\" rel=\"noopener\"><span style=\"font-size: 11pt; font-family: Arial; color: #000000; background-color: transparent; font-weight: 400; font-style: normal; font-variant: normal; text-decoration: none; vertical-align: baseline;\">assurance<\/span><\/a><span style=\"font-size: 11pt; font-family: Arial; color: #222222; background-color: transparent; font-weight: 400; font-style: normal; font-variant: normal; text-decoration: none; vertical-align: baseline;\">,<\/span><span style=\"font-size: 11pt; font-family: Arial; color: #000000; background-color: transparent; font-weight: 400; font-style: normal; font-variant: normal; text-decoration: none; vertical-align: baseline;\"> qu\u2019ils soient redirig\u00e9s vers une fili\u00e8re de destruction sp\u00e9cialis\u00e9e.<\/span><\/p>\n<p style=\"line-height: 1.656; margin-top: 0pt; margin-bottom: 0pt;\"><span style=\"font-size: 11pt; font-family: Arial; color: #000000; background-color: transparent; font-weight: bold; font-style: normal; font-variant: normal; text-decoration: none; vertical-align: baseline;\">&#8211; Les d\u00e9chets d<\/span><a href=\"https:\/\/www.agence-france-electricite.fr\/ouverture-compteur-electrique\/enedis\/\" style=\"text-decoration: none;\" target=\"_blank\" data-saferedirecturl=\"https:\/\/www.google.com\/url?q=https:\/\/www.agence-france-electricite.fr\/ouverture-compteur-electrique\/enedis\/&amp;source=gmail&amp;ust=1661196070807000&amp;usg=AOvVaw0gvn-DMyvdzNLS3xE05LBD\" rel=\"noopener\"><span style=\"font-size: 11pt; font-family: Arial; color: #000000; background-color: transparent; font-weight: bold; font-style: normal; font-variant: normal; text-decoration: none; vertical-align: baseline;\">\u2019<\/span><\/a><span style=\"font-size: 11pt; font-family: Arial; color: #000000; background-color: transparent; font-weight: bold; font-style: normal; font-variant: normal; text-decoration: none; vertical-align: baseline;\">\u00e9quipements \u00e9lectroniques :<\/span><span style=\"font-size: 11pt; font-family: Arial; color: #000000; background-color: transparent; font-weight: 400; font-style: normal; font-variant: normal; text-decoration: none; vertical-align: baseline;\"> il existe des fili\u00e8res d\u00e9di\u00e9es pour ce type de d\u00e9chet. Vous pouvez les ramener \u00e0 un distributeur qui sera dans l\u2019obligation de r\u00e9cup\u00e9rer votre ancien appareil. Vous pouvez \u00e9galement en faire don \u00e0 une association, le d\u00e9poser dans une d\u00e9chetterie ou dans des points collectes pr\u00e9vus \u00e0 cet effet. Certains <\/span><a href=\"https:\/\/www.boutique-box-internet.fr\/bouygues-telecom\/\" style=\"text-decoration: none;\" target=\"_blank\" data-saferedirecturl=\"https:\/\/www.google.com\/url?q=https:\/\/www.boutique-box-internet.fr\/bouygues-telecom\/&amp;source=gmail&amp;ust=1661196070807000&amp;usg=AOvVaw3w9V5c6bSGvnVoMlmx3v1x\" rel=\"noopener\"><span style=\"font-size: 11pt; font-family: Arial; color: #000000; background-color: transparent; font-weight: 400; font-style: normal; font-variant: normal; text-decoration: none; vertical-align: baseline;\">op\u00e9rateurs<\/span><\/a><span style=\"font-size: 11pt; font-family: Arial; color: #000000; background-color: transparent; font-weight: 400; font-style: normal; font-variant: normal; text-decoration: none; vertical-align: baseline;\"> mobiles r\u00e9cup\u00e8rent en boutique votre ancien t\u00e9l\u00e9phone pour le recond<\/span><a href=\"https:\/\/www.fournisseur-energie.com\/edf-demenagement\/\" style=\"text-decoration: none;\" target=\"_blank\" data-saferedirecturl=\"https:\/\/www.google.com\/url?q=https:\/\/www.fournisseur-energie.com\/edf-demenagement\/&amp;source=gmail&amp;ust=1661196070807000&amp;usg=AOvVaw3trKJKrgPGha3eqJ9_IFlI\" rel=\"noopener\"><span style=\"font-size: 11pt; font-family: Arial; color: #000000; background-color: transparent; font-weight: 400; font-style: normal; font-variant: normal; text-decoration: none; vertical-align: baseline;\">i<\/span><\/a><span style=\"font-size: 11pt; font-family: Arial; color: #000000; background-color: transparent; font-weight: 400; font-style: normal; font-variant: normal; text-decoration: none; vertical-align: baseline;\">tionner.<\/span><\/p>\n<p style=\"line-height: 1.656; margin-top: 0pt; margin-bottom: 0pt;\"><span style=\"font-size: 11pt; font-family: Arial; color: #000000; background-color: transparent; font-weight: bold; font-style: normal; font-variant: normal; text-decoration: none; vertical-align: baseline;\">&#8211; Les huiles alimentaires : <\/span><span style=\"font-size: 11pt; font-family: Arial; color: #000000; background-color: transparent; font-weight: 400; font-style: normal; font-variant: normal; text-decoration: none; vertical-align: baseline;\">elles peuvent \u00eatre jet\u00e9es dans votre poubelle ordinaire en tr\u00e8s petite quantit\u00e9 mais il est pr\u00e9f\u00e9rable de les d\u00e9poser dans des points de collecte sp\u00e9cialis\u00e9s.<\/span><\/p>\n<p style=\"line-height: 1.656; margin-top: 0pt; margin-bottom: 0pt;\"><span style=\"font-size: 11pt; font-family: Arial; color: #000000; background-color: transparent; font-weight: bold; font-style: normal; font-variant: normal; text-decoration: none; vertical-align: baseline;\">&#8211; Les huiles de moteurs et autres huiles de v<\/span><a href=\"https:\/\/www.papernest.com\/assurance-habitation\/souscrire\" style=\"text-decoration: none;\" target=\"_blank\" data-saferedirecturl=\"https:\/\/www.google.com\/url?q=https:\/\/www.papernest.com\/assurance-habitation\/souscrire&amp;source=gmail&amp;ust=1661196070807000&amp;usg=AOvVaw0WQ4lGLGfqRx8J0jUmrOi9\" rel=\"noopener\"><span style=\"font-size: 11pt; font-family: Arial; color: #1e1e1c; background-color: transparent; font-weight: bold; font-style: normal; font-variant: normal; text-decoration: none; vertical-align: baseline;\">i<\/span><\/a><span style=\"font-size: 11pt; font-family: Arial; color: #000000; background-color: transparent; font-weight: bold; font-style: normal; font-variant: normal; text-decoration: none; vertical-align: baseline;\">dange :<\/span><span style=\"font-size: 11pt; font-family: Arial; color: #000000; background-color: transparent; font-weight: 400; font-style: normal; font-variant: normal; text-decoration: none; vertical-align: baseline;\"> vous pouvez les jeter dans des points de collecte sp\u00e9cifiques ou bien chez un garagiste.<\/span><\/p>\n<p style=\"line-height: 1.38; margin-top: 0pt; margin-bottom: 0pt;\"><span id=\"m_-7317274399168752126ox-a1ed90919e-m_-976242993715566771gmail-docs-internal-guid-a0d460ef-7fff-33ad-94a2-8677715537cd\"><span style=\"font-size: 11pt; font-family: Arial; color: #000000; background-color: transparent; font-weight: bold; vertical-align: baseline;\">&#8211; Les pneus :<\/span><span style=\"font-size: 11pt; font-family: Arial; color: #000000; background-color: transparent; vertical-align: baseline;\"> ils doivent \u00eatre ramen\u00e9s chez un garagiste ou en d\u00e9chetterie. N\u2019h\u00e9sitez pas \u00e0<\/span><a href=\"https:\/\/www.boutique-box-internet.fr\/bouygues-telecom\/\" target=\"_blank\" data-saferedirecturl=\"https:\/\/www.google.com\/url?q=https:\/\/www.boutique-box-internet.fr\/bouygues-telecom\/&amp;source=gmail&amp;ust=1661196070807000&amp;usg=AOvVaw3w9V5c6bSGvnVoMlmx3v1x\" rel=\"noopener\"><span style=\"font-size: 11pt; font-family: Arial; color: #000000; background-color: transparent; vertical-align: baseline;\"> contacter<\/span><\/a><span style=\"font-size: 11pt; font-family: Arial; color: #000000; background-color: transparent; vertical-align: baseline;\"> votre garagiste \u00e0 l\u2019avance pour \u00eatre s\u00fbr qu<\/span><a href=\"https:\/\/www.boutique-box-internet.fr\/sfr\/\" target=\"_blank\" data-saferedirecturl=\"https:\/\/www.google.com\/url?q=https:\/\/www.boutique-box-internet.fr\/sfr\/&amp;source=gmail&amp;ust=1661196070807000&amp;usg=AOvVaw1k4-LIlp1fbtw2c5l7f0WP\" rel=\"noopener\"><span style=\"font-size: 11pt; font-family: Arial; color: #000000; background-color: transparent; vertical-align: baseline;\">\u2019<\/span><\/a><span style=\"font-size: 11pt; font-family: Arial; color: #000000; background-color: transparent; vertical-align: baseline;\">il reprend bien les anciens pneus.<\/span><\/span><\/p>\n<p>[\/et_pb_text][\/et_pb_column_inner][\/et_pb_row_inner][\/et_pb_column][et_pb_column type=\u00a0\u00bb1_4&Prime; _builder_version=\u00a0\u00bb4.16&Prime; custom_padding=\u00a0\u00bb|||\u00a0\u00bb global_colors_info=\u00a0\u00bb{}\u00a0\u00bb custom_padding__hover=\u00a0\u00bb|||\u00a0\u00bb][et_pb_text admin_label=\u00a0\u00bbTitre menu gauche\u00a0\u00bb _builder_version=\u00a0\u00bb4.6.5&Prime; _module_preset=\u00a0\u00bbdefault\u00a0\u00bb text_font=\u00a0\u00bbOpen Sans|||||on|||\u00a0\u00bb text_text_color=\u00a0\u00bb#ffffff\u00a0\u00bb text_font_size=\u00a0\u00bb20px\u00a0\u00bb text_letter_spacing=\u00a0\u00bb1px\u00a0\u00bb background_color=\u00a0\u00bb#02726d\u00a0\u00bb custom_margin=\u00a0\u00bb-120px||0px||false|false\u00a0\u00bb custom_margin_tablet=\u00a0\u00bb0px||0px||false|false\u00a0\u00bb custom_margin_phone=\u00a0\u00bb\u00a0\u00bb custom_margin_last_edited=\u00a0\u00bbon|phone\u00a0\u00bb custom_padding=\u00a0\u00bb60px||0px|15px|false|false\u00a0\u00bb global_module=\u00a0\u00bb1974&Prime; saved_tabs=\u00a0\u00bball\u00a0\u00bb global_colors_info=\u00a0\u00bb{}\u00a0\u00bb]<\/p>\n<p><img decoding=\"async\" src=\"https:\/\/www.avressieux.com\/mairie\/wp-content\/uploads\/2020\/08\/puce1.png\" width=\"30\" height=\"30\" alt=\"puce\" class=\"wp-image-1266 alignleft size-full\" \/>Rubriques Urbanisme Environnement<\/p>\n<div id=\"gtx-trans\" style=\"position: absolute; left: 215px; top: 0.200001px;\">\n<div class=\"gtx-trans-icon\"><\/div>\n<\/div>\n<p>[\/et_pb_text][et_pb_text admin_label=\u00a0\u00bbMenu gauche\u00a0\u00bb _builder_version=\u00a0\u00bb4.9.0&Prime; _module_preset=\u00a0\u00bbdefault\u00a0\u00bb text_text_color=\u00a0\u00bb#ffffff\u00a0\u00bb text_font_size=\u00a0\u00bb14px\u00a0\u00bb link_text_color=\u00a0\u00bb#ffffff\u00a0\u00bb background_color=\u00a0\u00bb#02726d\u00a0\u00bb custom_margin=\u00a0\u00bb0px||40px||false|false\u00a0\u00bb custom_margin_tablet=\u00a0\u00bb||0px||false|false\u00a0\u00bb custom_margin_phone=\u00a0\u00bb\u00a0\u00bb custom_margin_last_edited=\u00a0\u00bbon|phone\u00a0\u00bb custom_padding=\u00a0\u00bb20px|20px|10px|20px|false|false\u00a0\u00bb link_letter_spacing_last_edited=\u00a0\u00bboff|desktop\u00a0\u00bb global_module=\u00a0\u00bb1976&Prime; saved_tabs=\u00a0\u00bball\u00a0\u00bb global_colors_info=\u00a0\u00bb{}\u00a0\u00bb]<\/p>\n<ul>\n<li><a href=\"https:\/\/www.avressieux.com\/mairie\/plu-plan-local-durbanisme\/\">Plan local d&rsquo;urbanisme (PLU)<\/a><\/li>\n<li><a href=\"https:\/\/www.avressieux.com\/mairie\/autorisations-urbanisme\/\">Autorisations, d\u00e9marches urbanisme<\/a><\/li>\n<li><a href=\"http:\/\/www.avant-pays-savoyard.com\/en-action\/le-scot.html\" target=\"_blank\" rel=\"noopener noreferrer\">Sch\u00e9ma de Coh\u00e9rence Territoriale (SCOT)<\/a><\/li>\n<li><a href=\"https:\/\/www.avressieux.com\/mairie\/ordures-menageres-et-dechetteries\/\">Ordures m\u00e9nag\u00e8res et d\u00e9chetteries<\/a><\/li>\n<li><a href=\"https:\/\/www.avressieux.com\/mairie\/reseaux-eau-potable\/\">R\u00e9seaux, assainissement et eau potable<\/a><\/li>\n<\/ul>\n<p>[\/et_pb_text][et_pb_divider color=\u00a0\u00bb#ffffff\u00a0\u00bb divider_weight=\u00a0\u00bb12px\u00a0\u00bb disabled_on=\u00a0\u00bboff|off|on\u00a0\u00bb _builder_version=\u00a0\u00bb4.16&Prime; _module_preset=\u00a0\u00bbdefault\u00a0\u00bb global_colors_info=\u00a0\u00bb{}\u00a0\u00bb][\/et_pb_divider][et_pb_text _builder_version=\u00a0\u00bb4.16&Prime; _module_preset=\u00a0\u00bbdefault\u00a0\u00bb text_font=\u00a0\u00bbOpen Sans|||||on|||\u00a0\u00bb text_text_color=\u00a0\u00bb#02726d\u00a0\u00bb text_font_size=\u00a0\u00bb20px\u00a0\u00bb text_letter_spacing=\u00a0\u00bb1px\u00a0\u00bb custom_padding=\u00a0\u00bb|||10px|false|false\u00a0\u00bb global_colors_info=\u00a0\u00bb{}\u00a0\u00bb]<\/p>\n<p><img decoding=\"async\" src=\"https:\/\/www.avressieux.com\/mairie\/wp-content\/uploads\/2020\/08\/puce1.png\" width=\"30\" height=\"30\" alt=\"puce\" class=\"wp-image-1266 alignleft size-full\" \/>Actualit\u00e9s municipales<\/p>\n<p>[\/et_pb_text][et_pb_sidebar orientation=\u00a0\u00bbright\u00a0\u00bb area=\u00a0\u00bbet_pb_widget_area_3&Prime; show_border=\u00a0\u00bboff\u00a0\u00bb _builder_version=\u00a0\u00bb4.16&Prime; _module_preset=\u00a0\u00bbdefault\u00a0\u00bb body_font_size=\u00a0\u00bb13px\u00a0\u00bb custom_padding=\u00a0\u00bb|5px||5px|false|false\u00a0\u00bb global_colors_info=\u00a0\u00bb{}\u00a0\u00bb][\/et_pb_sidebar][\/et_pb_column][\/et_pb_section]<\/p>\n","protected":false},"excerpt":{"rendered":"<p>Traitement et collecte des ordures Le SICTOM du Guiers g\u00e8re, pour le compte d&rsquo;une vingtaine de communes des territoires Val Guiers et des Vals du Dauphin\u00e9, la collecte et l\u2019incin\u00e9ration des ordures m\u00e9nag\u00e8res, les d\u00e9chetteries, le tri s\u00e9lectif, l\u2019aide au compostage et au broyage. Des plaquettes d\u2019information sont disponibles en mairie ainsi que des consignes [&hellip;]<\/p>\n","protected":false},"author":1,"featured_media":0,"parent":0,"menu_order":0,"comment_status":"closed","ping_status":"open","template":"","meta":{"_et_pb_use_builder":"on","_et_pb_old_content":"<!-- wp:paragraph -->\n<p>Ceci est une page d\u2019exemple. C\u2019est diff\u00e9rent d\u2019un article de blog parce qu\u2019elle restera au m\u00eame endroit et appara\u00eetra dans la navigation de votre site (dans la plupart des th\u00e8mes). La plupart des gens commencent par une page \u00ab&nbsp;\u00c0 propos&nbsp;\u00bb qui les pr\u00e9sente aux visiteurs du site. Cela pourrait ressembler \u00e0 quelque chose comme cela&nbsp;:<\/p>\n<!-- \/wp:paragraph -->\n\n<!-- wp:quote -->\n<blockquote class=\"wp-block-quote\"><p>Bonjour&nbsp;! Je suis un m\u00e9canicien qui aspire \u00e0 devenir acteur, et voici mon site. J\u2019habite \u00e0 Bordeaux, j\u2019ai un super chien baptis\u00e9 Russell, et j\u2019aime la vodka-ananas (ainsi qu\u2019\u00eatre surpris par la pluie soudaine lors de longues balades sur la plage au coucher du soleil).<\/p><\/blockquote>\n<!-- \/wp:quote -->\n\n<!-- wp:paragraph -->\n<p>... ou quelque chose comme cela&nbsp;:<\/p>\n<!-- \/wp:paragraph -->\n\n<!-- wp:quote -->\n<blockquote class=\"wp-block-quote\"><p>La soci\u00e9t\u00e9 123 Machin Truc a \u00e9t\u00e9 cr\u00e9\u00e9e en 1971, et n\u2019a cess\u00e9 de proposer au public des machins-trucs de qualit\u00e9 depuis lors. Situ\u00e9e \u00e0 Saint-Remy-en-Bouzemont-Saint-Genest-et-Isson, 123 Machin Truc emploie 2 000 personnes, et fabrique toutes sortes de bidules super pour la communaut\u00e9 bouzemontoise.<\/p><\/blockquote>\n<!-- \/wp:quote -->\n\n<!-- wp:paragraph -->\n<p>En tant que nouvel\u00b7le utilisateur ou utilisatrice de WordPress, vous devriez vous rendre sur <a href=\"http:\/\/www.avressieux.com\/mairie\/wp-admin\/\">votre tableau de bord<\/a> pour supprimer cette page et cr\u00e9er de nouvelles pages pour votre contenu. Amusez-vous bien&nbsp;!<\/p>\n<!-- \/wp:paragraph -->","_et_gb_content_width":"","footnotes":""},"class_list":["post-2319","page","type-page","status-publish","hentry"],"yoast_head":"<!-- This site is optimized with the Yoast SEO plugin v27.5 - https:\/\/yoast.com\/product\/yoast-seo-wordpress\/ -->\n<title>Ordures m\u00e9nag\u00e8res et d\u00e9chetteries | Ramassage, 73240 Avressieux<\/title>\n<meta name=\"description\" content=\"Ordures m\u00e9nag\u00e8res et d\u00e9chetteries | Commune d&#039;Avressieux | Urbanisme et environnement, traitement, compostage, d\u00e9chets\" \/>\n<meta name=\"robots\" content=\"index, follow, max-snippet:-1, max-image-preview:large, max-video-preview:-1\" \/>\n<link rel=\"canonical\" href=\"https:\/\/www.avressieux.com\/mairie\/ordures-menageres-et-dechetteries\/\" \/>\n<meta property=\"og:locale\" content=\"fr_FR\" \/>\n<meta property=\"og:type\" content=\"article\" \/>\n<meta property=\"og:title\" content=\"Ordures m\u00e9nag\u00e8res et d\u00e9chetteries | Ramassage, 73240 Avressieux\" \/>\n<meta property=\"og:description\" content=\"Ordures m\u00e9nag\u00e8res et d\u00e9chetteries | Commune d&#039;Avressieux | Urbanisme et environnement, traitement, compostage, d\u00e9chets\" \/>\n<meta property=\"og:url\" content=\"https:\/\/www.avressieux.com\/mairie\/ordures-menageres-et-dechetteries\/\" \/>\n<meta property=\"og:site_name\" content=\"Avressieux\" \/>\n<meta property=\"article:publisher\" content=\"https:\/\/www.facebook.com\/Mairie-dAvressieux-104859844654359\/\" \/>\n<meta property=\"article:modified_time\" content=\"2022-08-21T19:33:46+00:00\" \/>\n<meta property=\"og:image\" content=\"https:\/\/www.avressieux.com\/mairie\/wp-content\/uploads\/2020\/08\/puce1.png\" \/>\n<meta name=\"twitter:card\" content=\"summary_large_image\" \/>\n<meta name=\"twitter:label1\" content=\"Dur\u00e9e de lecture estim\u00e9e\" \/>\n\t<meta name=\"twitter:data1\" content=\"7 minutes\" \/>\n<script type=\"application\/ld+json\" class=\"yoast-schema-graph\">{\"@context\":\"https:\\\/\\\/schema.org\",\"@graph\":[{\"@type\":\"WebPage\",\"@id\":\"https:\\\/\\\/www.avressieux.com\\\/mairie\\\/ordures-menageres-et-dechetteries\\\/\",\"url\":\"https:\\\/\\\/www.avressieux.com\\\/mairie\\\/ordures-menageres-et-dechetteries\\\/\",\"name\":\"Ordures m\u00e9nag\u00e8res et d\u00e9chetteries | Ramassage, 73240 Avressieux\",\"isPartOf\":{\"@id\":\"https:\\\/\\\/www.avressieux.com\\\/mairie\\\/#website\"},\"primaryImageOfPage\":{\"@id\":\"https:\\\/\\\/www.avressieux.com\\\/mairie\\\/ordures-menageres-et-dechetteries\\\/#primaryimage\"},\"image\":{\"@id\":\"https:\\\/\\\/www.avressieux.com\\\/mairie\\\/ordures-menageres-et-dechetteries\\\/#primaryimage\"},\"thumbnailUrl\":\"https:\\\/\\\/www.avressieux.com\\\/mairie\\\/wp-content\\\/uploads\\\/2020\\\/08\\\/puce1.png\",\"datePublished\":\"2020-10-14T11:45:43+00:00\",\"dateModified\":\"2022-08-21T19:33:46+00:00\",\"description\":\"Ordures m\u00e9nag\u00e8res et d\u00e9chetteries | Commune d'Avressieux | Urbanisme et environnement, traitement, compostage, d\u00e9chets\",\"breadcrumb\":{\"@id\":\"https:\\\/\\\/www.avressieux.com\\\/mairie\\\/ordures-menageres-et-dechetteries\\\/#breadcrumb\"},\"inLanguage\":\"fr-FR\",\"potentialAction\":[{\"@type\":\"ReadAction\",\"target\":[\"https:\\\/\\\/www.avressieux.com\\\/mairie\\\/ordures-menageres-et-dechetteries\\\/\"]}]},{\"@type\":\"ImageObject\",\"inLanguage\":\"fr-FR\",\"@id\":\"https:\\\/\\\/www.avressieux.com\\\/mairie\\\/ordures-menageres-et-dechetteries\\\/#primaryimage\",\"url\":\"https:\\\/\\\/www.avressieux.com\\\/mairie\\\/wp-content\\\/uploads\\\/2020\\\/08\\\/puce1.png\",\"contentUrl\":\"https:\\\/\\\/www.avressieux.com\\\/mairie\\\/wp-content\\\/uploads\\\/2020\\\/08\\\/puce1.png\",\"width\":30,\"height\":30,\"caption\":\"puce\"},{\"@type\":\"BreadcrumbList\",\"@id\":\"https:\\\/\\\/www.avressieux.com\\\/mairie\\\/ordures-menageres-et-dechetteries\\\/#breadcrumb\",\"itemListElement\":[{\"@type\":\"ListItem\",\"position\":1,\"name\":\"Accueil\",\"item\":\"https:\\\/\\\/www.avressieux.com\\\/mairie\\\/\"},{\"@type\":\"ListItem\",\"position\":2,\"name\":\"Ordures m\u00e9nag\u00e8res et d\u00e9chetteries\"}]},{\"@type\":\"WebSite\",\"@id\":\"https:\\\/\\\/www.avressieux.com\\\/mairie\\\/#website\",\"url\":\"https:\\\/\\\/www.avressieux.com\\\/mairie\\\/\",\"name\":\"Avressieux\",\"description\":\"Site officiel de la commune\",\"publisher\":{\"@id\":\"https:\\\/\\\/www.avressieux.com\\\/mairie\\\/#organization\"},\"potentialAction\":[{\"@type\":\"SearchAction\",\"target\":{\"@type\":\"EntryPoint\",\"urlTemplate\":\"https:\\\/\\\/www.avressieux.com\\\/mairie\\\/?s={search_term_string}\"},\"query-input\":{\"@type\":\"PropertyValueSpecification\",\"valueRequired\":true,\"valueName\":\"search_term_string\"}}],\"inLanguage\":\"fr-FR\"},{\"@type\":\"Organization\",\"@id\":\"https:\\\/\\\/www.avressieux.com\\\/mairie\\\/#organization\",\"name\":\"Commune d'Avressieux\",\"url\":\"https:\\\/\\\/www.avressieux.com\\\/mairie\\\/\",\"logo\":{\"@type\":\"ImageObject\",\"inLanguage\":\"fr-FR\",\"@id\":\"https:\\\/\\\/www.avressieux.com\\\/mairie\\\/#\\\/schema\\\/logo\\\/image\\\/\",\"url\":\"https:\\\/\\\/www.avressieux.com\\\/mairie\\\/wp-content\\\/uploads\\\/2020\\\/08\\\/favicon.jpg\",\"contentUrl\":\"https:\\\/\\\/www.avressieux.com\\\/mairie\\\/wp-content\\\/uploads\\\/2020\\\/08\\\/favicon.jpg\",\"width\":512,\"height\":512,\"caption\":\"Commune d'Avressieux\"},\"image\":{\"@id\":\"https:\\\/\\\/www.avressieux.com\\\/mairie\\\/#\\\/schema\\\/logo\\\/image\\\/\"},\"sameAs\":[\"https:\\\/\\\/www.facebook.com\\\/Mairie-dAvressieux-104859844654359\\\/\"]}]}<\/script>\n<!-- \/ Yoast SEO plugin. -->","yoast_head_json":{"title":"Ordures m\u00e9nag\u00e8res et d\u00e9chetteries | Ramassage, 73240 Avressieux","description":"Ordures m\u00e9nag\u00e8res et d\u00e9chetteries | Commune d'Avressieux | Urbanisme et environnement, traitement, compostage, d\u00e9chets","robots":{"index":"index","follow":"follow","max-snippet":"max-snippet:-1","max-image-preview":"max-image-preview:large","max-video-preview":"max-video-preview:-1"},"canonical":"https:\/\/www.avressieux.com\/mairie\/ordures-menageres-et-dechetteries\/","og_locale":"fr_FR","og_type":"article","og_title":"Ordures m\u00e9nag\u00e8res et d\u00e9chetteries | Ramassage, 73240 Avressieux","og_description":"Ordures m\u00e9nag\u00e8res et d\u00e9chetteries | Commune d'Avressieux | Urbanisme et environnement, traitement, compostage, d\u00e9chets","og_url":"https:\/\/www.avressieux.com\/mairie\/ordures-menageres-et-dechetteries\/","og_site_name":"Avressieux","article_publisher":"https:\/\/www.facebook.com\/Mairie-dAvressieux-104859844654359\/","article_modified_time":"2022-08-21T19:33:46+00:00","og_image":[{"url":"https:\/\/www.avressieux.com\/mairie\/wp-content\/uploads\/2020\/08\/puce1.png","type":"","width":"","height":""}],"twitter_card":"summary_large_image","twitter_misc":{"Dur\u00e9e de lecture estim\u00e9e":"7 minutes"},"schema":{"@context":"https:\/\/schema.org","@graph":[{"@type":"WebPage","@id":"https:\/\/www.avressieux.com\/mairie\/ordures-menageres-et-dechetteries\/","url":"https:\/\/www.avressieux.com\/mairie\/ordures-menageres-et-dechetteries\/","name":"Ordures m\u00e9nag\u00e8res et d\u00e9chetteries | Ramassage, 73240 Avressieux","isPartOf":{"@id":"https:\/\/www.avressieux.com\/mairie\/#website"},"primaryImageOfPage":{"@id":"https:\/\/www.avressieux.com\/mairie\/ordures-menageres-et-dechetteries\/#primaryimage"},"image":{"@id":"https:\/\/www.avressieux.com\/mairie\/ordures-menageres-et-dechetteries\/#primaryimage"},"thumbnailUrl":"https:\/\/www.avressieux.com\/mairie\/wp-content\/uploads\/2020\/08\/puce1.png","datePublished":"2020-10-14T11:45:43+00:00","dateModified":"2022-08-21T19:33:46+00:00","description":"Ordures m\u00e9nag\u00e8res et d\u00e9chetteries | Commune d'Avressieux | Urbanisme et environnement, traitement, compostage, d\u00e9chets","breadcrumb":{"@id":"https:\/\/www.avressieux.com\/mairie\/ordures-menageres-et-dechetteries\/#breadcrumb"},"inLanguage":"fr-FR","potentialAction":[{"@type":"ReadAction","target":["https:\/\/www.avressieux.com\/mairie\/ordures-menageres-et-dechetteries\/"]}]},{"@type":"ImageObject","inLanguage":"fr-FR","@id":"https:\/\/www.avressieux.com\/mairie\/ordures-menageres-et-dechetteries\/#primaryimage","url":"https:\/\/www.avressieux.com\/mairie\/wp-content\/uploads\/2020\/08\/puce1.png","contentUrl":"https:\/\/www.avressieux.com\/mairie\/wp-content\/uploads\/2020\/08\/puce1.png","width":30,"height":30,"caption":"puce"},{"@type":"BreadcrumbList","@id":"https:\/\/www.avressieux.com\/mairie\/ordures-menageres-et-dechetteries\/#breadcrumb","itemListElement":[{"@type":"ListItem","position":1,"name":"Accueil","item":"https:\/\/www.avressieux.com\/mairie\/"},{"@type":"ListItem","position":2,"name":"Ordures m\u00e9nag\u00e8res et d\u00e9chetteries"}]},{"@type":"WebSite","@id":"https:\/\/www.avressieux.com\/mairie\/#website","url":"https:\/\/www.avressieux.com\/mairie\/","name":"Avressieux","description":"Site officiel de la commune","publisher":{"@id":"https:\/\/www.avressieux.com\/mairie\/#organization"},"potentialAction":[{"@type":"SearchAction","target":{"@type":"EntryPoint","urlTemplate":"https:\/\/www.avressieux.com\/mairie\/?s={search_term_string}"},"query-input":{"@type":"PropertyValueSpecification","valueRequired":true,"valueName":"search_term_string"}}],"inLanguage":"fr-FR"},{"@type":"Organization","@id":"https:\/\/www.avressieux.com\/mairie\/#organization","name":"Commune d'Avressieux","url":"https:\/\/www.avressieux.com\/mairie\/","logo":{"@type":"ImageObject","inLanguage":"fr-FR","@id":"https:\/\/www.avressieux.com\/mairie\/#\/schema\/logo\/image\/","url":"https:\/\/www.avressieux.com\/mairie\/wp-content\/uploads\/2020\/08\/favicon.jpg","contentUrl":"https:\/\/www.avressieux.com\/mairie\/wp-content\/uploads\/2020\/08\/favicon.jpg","width":512,"height":512,"caption":"Commune d'Avressieux"},"image":{"@id":"https:\/\/www.avressieux.com\/mairie\/#\/schema\/logo\/image\/"},"sameAs":["https:\/\/www.facebook.com\/Mairie-dAvressieux-104859844654359\/"]}]}},"publishpress_future_action":{"enabled":false,"date":"2026-05-08 06:00:23","action":"change-status","newStatus":"draft","terms":[],"taxonomy":"","extraData":[]},"publishpress_future_workflow_manual_trigger":{"enabledWorkflows":[]},"_links":{"self":[{"href":"https:\/\/www.avressieux.com\/mairie\/wp-json\/wp\/v2\/pages\/2319","targetHints":{"allow":["GET"]}}],"collection":[{"href":"https:\/\/www.avressieux.com\/mairie\/wp-json\/wp\/v2\/pages"}],"about":[{"href":"https:\/\/www.avressieux.com\/mairie\/wp-json\/wp\/v2\/types\/page"}],"author":[{"embeddable":true,"href":"https:\/\/www.avressieux.com\/mairie\/wp-json\/wp\/v2\/users\/1"}],"replies":[{"embeddable":true,"href":"https:\/\/www.avressieux.com\/mairie\/wp-json\/wp\/v2\/comments?post=2319"}],"version-history":[{"count":7,"href":"https:\/\/www.avressieux.com\/mairie\/wp-json\/wp\/v2\/pages\/2319\/revisions"}],"predecessor-version":[{"id":3660,"href":"https:\/\/www.avressieux.com\/mairie\/wp-json\/wp\/v2\/pages\/2319\/revisions\/3660"}],"wp:attachment":[{"href":"https:\/\/www.avressieux.com\/mairie\/wp-json\/wp\/v2\/media?parent=2319"}],"curies":[{"name":"wp","href":"https:\/\/api.w.org\/{rel}","templated":true}]}}